{"id":7523,"date":"2021-08-30T06:50:10","date_gmt":"2021-08-30T06:50:10","guid":{"rendered":"https:\/\/kijevo.hr\/?page_id=7523"},"modified":"2021-08-30T07:10:12","modified_gmt":"2021-08-30T07:10:12","slug":"povijest-2","status":"publish","type":"page","link":"https:\/\/kijevo.hr\/?page_id=7523","title":{"rendered":"Povijest"},"content":{"rendered":"\t\t<div data-elementor-type=\"wp-page\" data-elementor-id=\"7523\" class=\"elementor elementor-7523\" data-elementor-post-type=\"page\">\n\t\t\t\t\t\t\t\t\t<section class=\"elementor-section elementor-top-section elementor-element elementor-element-40461b4 elementor-section-boxed elementor-section-height-default elementor-section-height-default\" data-id=\"40461b4\" data-element_type=\"section\">\n\t\t\t\t\t\t<div class=\"elementor-container elementor-column-gap-default\">\n\t\t\t\t\t<div class=\"elementor-column elementor-col-50 elementor-top-column elementor-element elementor-element-e4fb097\" data-id=\"e4fb097\" data-element_type=\"column\">\n\t\t\t<div class=\"elementor-widget-wrap elementor-element-populated\">\n\t\t\t\t\t\t\t\t<div class=\"elementor-element elementor-element-9da5c07 elementor-cta--layout-image-above elementor-cta--skin-classic elementor-animated-content elementor-bg-transform elementor-bg-transform-zoom-in elementor-widget elementor-widget-call-to-action\" data-id=\"9da5c07\" data-element_type=\"widget\" data-widget_type=\"call-to-action.default\">\n\t\t\t\t<div class=\"elementor-widget-container\">\n\t\t\t\t\t<div class=\"elementor-cta\">\n\t\t\t\t\t<div class=\"elementor-cta__bg-wrapper\">\n\t\t\t\t<div class=\"elementor-cta__bg elementor-bg\" style=\"background-image: url(https:\/\/kijevo.hr\/wp-content\/uploads\/2021\/08\/heraclius-flees-the-avars-worldhistoryplus-com.jpg);\" role=\"img\" aria-label=\"heraclius-flees-the-avars-worldhistoryplus-com\"><\/div>\n\t\t\t\t<div class=\"elementor-cta__bg-overlay\"><\/div>\n\t\t\t<\/div>\n\t\t\t\t\t\t\t<div class=\"elementor-cta__content\">\n\t\t\t\t\n\t\t\t\t\t\t\t\t\t<h2 class=\"elementor-cta__title elementor-cta__content-item elementor-content-item\">\n\t\t\t\t\t\tIlirska op\u0107ina\t\t\t\t\t<\/h2>\n\t\t\t\t\n\t\t\t\t\t\t\t\t\t<div class=\"elementor-cta__description elementor-cta__content-item elementor-content-item\">\n\t\t\t\t\t\tNa tlu dana\u0161njeg Kijeva oko Glavice bilo je sredi\u0161te ilirske op\u0107ine koja je obuhva\u0107ala podru\u010dje s desne strane Cetine od \u0160u\u0161njara do Sivih brda i sjeverno do Uni\u0161ta. Rimska vlast, pokoriv\u0161i ilirska plemena (Lizavijati) gradila je upravna sredi\u0161ta tzv. municipije, od kojih je jedan bio i u Kijevu. Takav status potrajao je sve do prodora Avara u VI. st., koji su opusto\u0161ili i razorili Dalmaciju. Na poziv Bizanta, Hrvati progone Avare i naseljavaju dana\u0161nje prostore krajem VI. i po\u010detkom VII.st., donose\u0107i svoju plemensku i rodovsku organizaciju kao temelj budu\u0107e dr\u017eave. \u017dupu kao plemensko \u2013 teritorijalni oblik vlasti kod Hrvata nalazimo u prvim zapisima iz 777. . Kijevo je tada bilo u sastavu livanjske \u017eupanije.\n\nNakon pogibije zadnjeg hrvatskog kralja Petra Sva\u010di\u0107a 1097. na Gvozdu i kasnijeg prihva\u0107anja ugarskog kralja Kolomana za hrvatskog kralja organizacija vlasti se prilago\u0111ava ma\u0111arskom ustroju.\t\t\t\t\t<\/div>\n\t\t\t\t\n\t\t\t\t\t\t\t<\/div>\n\t\t\t\t\t\t<\/div>\n\t\t\t\t<\/div>\n\t\t\t\t<\/div>\n\t\t\t\t<div class=\"elementor-element elementor-element-27f10cb elementor-cta--layout-image-above elementor-cta--skin-classic elementor-animated-content elementor-bg-transform elementor-bg-transform-zoom-in elementor-widget elementor-widget-call-to-action\" data-id=\"27f10cb\" data-element_type=\"widget\" data-widget_type=\"call-to-action.default\">\n\t\t\t\t<div class=\"elementor-widget-container\">\n\t\t\t\t\t<div class=\"elementor-cta\">\n\t\t\t\t\t<div class=\"elementor-cta__bg-wrapper\">\n\t\t\t\t<div class=\"elementor-cta__bg elementor-bg\" style=\"background-image: url(https:\/\/kijevo.hr\/wp-content\/uploads\/2021\/08\/trekking-1024x683.jpg);\" role=\"img\" aria-label=\"trekking\"><\/div>\n\t\t\t\t<div class=\"elementor-cta__bg-overlay\"><\/div>\n\t\t\t<\/div>\n\t\t\t\t\t\t\t<div class=\"elementor-cta__content\">\n\t\t\t\t\n\t\t\t\t\t\t\t\t\t<h2 class=\"elementor-cta__title elementor-cta__content-item elementor-content-item\">\n\t\t\t\t\t\tNapoleonove trupe\t\t\t\t\t<\/h2>\n\t\t\t\t\n\t\t\t\t\t\t\t\t\t<div class=\"elementor-cta__description elementor-cta__content-item elementor-content-item\">\n\t\t\t\t\t\tDolaskom Napoleonovih trupa 1806. u kratkom vremenu (do 1813.) izvr\u0161ile su se velike politi\u010dke i teritorijalne reforme, koje \u0107e s manjim izmjenama potrajati sve do Drugog svjetskog rata. Dalmacija je ustrojena kao providurija sa sjedi\u0161tem u Zadru, koja se sastoji od okru\u017eja (zadarskog, \u0161ibenskog, splitskog i makarskog). Okru\u017eja su se sastojala o kotara, a kotari od op\u0107ina \u2013 gradskih i seoskih. Kijevo je u tom ustroju vlasti seoska op\u0107ina u sastavu vrli\u010dke op\u0107ine, sinjskoga kotara i splitskog okru\u017eja.\n\nNakon pada Napoleona, u drugoj austrijskoj vladavini, organizacija vlasti \u0107e uz male izmjene ostati ista sve do propasti Austro-Ugarske. Po toj organizaciji politi\u010d\u008dki je kotar Sinj, sudski kotar je Vrlika (1842.), politi\u010dka op\u0107ina Vrlika i porezna op\u0107ina Kijevo. Sli\u010dan status Kijevo je imalo za stare Jugoslavije.\t\t\t\t\t<\/div>\n\t\t\t\t\n\t\t\t\t\t\t\t<\/div>\n\t\t\t\t\t\t<\/div>\n\t\t\t\t<\/div>\n\t\t\t\t<\/div>\n\t\t\t\t<div class=\"elementor-element elementor-element-9660325 elementor-cta--layout-image-above elementor-cta--skin-classic elementor-animated-content elementor-bg-transform elementor-bg-transform-zoom-in elementor-widget elementor-widget-call-to-action\" data-id=\"9660325\" data-element_type=\"widget\" data-widget_type=\"call-to-action.default\">\n\t\t\t\t<div class=\"elementor-widget-container\">\n\t\t\t\t\t<div class=\"elementor-cta\">\n\t\t\t\t\t<div class=\"elementor-cta__bg-wrapper\">\n\t\t\t\t<div class=\"elementor-cta__bg elementor-bg\" style=\"background-image: url(https:\/\/kijevo.hr\/wp-content\/uploads\/2021\/08\/images.jpg);\" role=\"img\" aria-label=\"images\"><\/div>\n\t\t\t\t<div class=\"elementor-cta__bg-overlay\"><\/div>\n\t\t\t<\/div>\n\t\t\t\t\t\t\t<div class=\"elementor-cta__content\">\n\t\t\t\t\n\t\t\t\t\t\t\t\t\t<h2 class=\"elementor-cta__title elementor-cta__content-item elementor-content-item\">\n\t\t\t\t\t\tDrugi svjetski rat\t\t\t\t\t<\/h2>\n\t\t\t\t\n\t\t\t\t\t\t\t\t\t<div class=\"elementor-cta__description elementor-cta__content-item elementor-content-item\">\n\t\t\t\t\t\tPrema podacima i istra\u017eivanju prof. dr. fra Jure \u0160imunovi\u0107a, definitora Franjeva\u010dke provincije Presvetog Otkupitelja, u Drugom svjetskom ratu poginulo je 217 Kijevljana, te 54 Hrvata s Uni\u0161ta. Me\u0111utim, jo\u0161 ni danas nije sasvim precizno utvr\u0111en taj broj kao ni mjesto stradanja mnogih ubijenih i poginulih Kijevaljana tijekom i nakon Drugog svjetskog rata. Uspostavom SFRJ (1945.), osobito \u0161ezdesetih godina, mnogi Kijevljani bili su prisiljeni iseliti s ovih prostora stvaraju\u0107i brojno iseljeni\u0161tvo diljem Europe i svijeta.\t\t\t\t\t<\/div>\n\t\t\t\t\n\t\t\t\t\t\t\t<\/div>\n\t\t\t\t\t\t<\/div>\n\t\t\t\t<\/div>\n\t\t\t\t<\/div>\n\t\t\t\t\t<\/div>\n\t\t<\/div>\n\t\t\t\t<div class=\"elementor-column elementor-col-50 elementor-top-column elementor-element elementor-element-8f0d819\" data-id=\"8f0d819\" data-element_type=\"column\">\n\t\t\t<div class=\"elementor-widget-wrap elementor-element-populated\">\n\t\t\t\t\t\t\t\t<div class=\"elementor-element elementor-element-012698b elementor-cta--layout-image-above elementor-cta--skin-classic elementor-animated-content elementor-bg-transform elementor-bg-transform-zoom-in elementor-widget elementor-widget-call-to-action\" data-id=\"012698b\" data-element_type=\"widget\" data-widget_type=\"call-to-action.default\">\n\t\t\t\t<div class=\"elementor-widget-container\">\n\t\t\t\t\t<div class=\"elementor-cta\">\n\t\t\t\t\t<div class=\"elementor-cta__bg-wrapper\">\n\t\t\t\t<div class=\"elementor-cta__bg elementor-bg\" style=\"background-image: url(https:\/\/kijevo.hr\/wp-content\/uploads\/2021\/08\/ploca.jpg);\" role=\"img\" aria-label=\"ploca\"><\/div>\n\t\t\t\t<div class=\"elementor-cta__bg-overlay\"><\/div>\n\t\t\t<\/div>\n\t\t\t\t\t\t\t<div class=\"elementor-cta__content\">\n\t\t\t\t\n\t\t\t\t\t\t\t\t\t<h2 class=\"elementor-cta__title elementor-cta__content-item elementor-content-item\">\n\t\t\t\t\t\tVrhri\u010dka \u017eupa\t\t\t\t\t<\/h2>\n\t\t\t\t\n\t\t\t\t\t\t\t\t\t<div class=\"elementor-cta__description elementor-cta__content-item elementor-content-item\">\n\t\t\t\t\t\t1185. na Splitskom crkvenom sinodu prvi put se u dokumentima spominje Vrhri\u010dka \u017eupa, koja se pripaja kninskoj biskupiji. Cetinska \u017eupanija ve\u0107 je ranije teritorijalno-politi\u010dki podijeljena na sinjsku i vrhri\u010dku te je sinod i u crkvenom smislu priznao postoje\u0107e stanje. Stara Vrhrika nalazila se u dana\u0161njem selu Cetina, a Kijevo je bilo dio te \u017eupe i \u017eupanije.\n\nKijevo se prvi put pod imenom Chie (Kij) spominje u notarskim spisima iz 1315. godine. Pod tursku vlast Kijevo (s utvrdom Glava\u0161) pada 1522. Prema Defteru iz 1604. Kijevo je jedno od ve\u0107ih sela, sa svojim seoskim knezom, u nahiji (op\u0107ini) Vrhrika u okviru kli\u0161kog sand\u017eaka (okruga).\n\n1688. Mleta\u010dka Republika osvaja utvrde Knin i Vrliku, pa tako i Kijevo, te se Karlova\u010dkim mirom iz 1699. granica utvr\u0111uje preko Kozjaka, \u0161to zna\u010di da Kijevo i ve\u0107i dio doline Cetine ostaje u sastavu Turske. Tek \u0107e Po\u017eareva\u010dkim mirom 1718. Kijevo biti oslobo\u0111eno pri \u010demu \u0107e Venecija uspostaviti vojnu upravu sa sjedi\u0161tem u Kninu. 1797. godine Dalmacija zakratko dolazi pod vlast Austrije.\t\t\t\t\t<\/div>\n\t\t\t\t\n\t\t\t\t\t\t\t<\/div>\n\t\t\t\t\t\t<\/div>\n\t\t\t\t<\/div>\n\t\t\t\t<\/div>\n\t\t\t\t<div class=\"elementor-element elementor-element-6f31de7 elementor-cta--layout-image-above elementor-cta--skin-classic elementor-animated-content elementor-bg-transform elementor-bg-transform-zoom-in elementor-widget elementor-widget-call-to-action\" data-id=\"6f31de7\" data-element_type=\"widget\" data-widget_type=\"call-to-action.default\">\n\t\t\t\t<div class=\"elementor-widget-container\">\n\t\t\t\t\t<div class=\"elementor-cta\">\n\t\t\t\t\t<div class=\"elementor-cta__bg-wrapper\">\n\t\t\t\t<div class=\"elementor-cta__bg elementor-bg\" style=\"background-image: url(https:\/\/kijevo.hr\/wp-content\/uploads\/2021\/08\/GettyImages-92821935-1024x965.jpg);\" role=\"img\" aria-label=\"Army chaplain conducting burial service in the field, World War I\"><\/div>\n\t\t\t\t<div class=\"elementor-cta__bg-overlay\"><\/div>\n\t\t\t<\/div>\n\t\t\t\t\t\t\t<div class=\"elementor-cta__content\">\n\t\t\t\t\n\t\t\t\t\t\t\t\t\t<h2 class=\"elementor-cta__title elementor-cta__content-item elementor-content-item\">\n\t\t\t\t\t\tPrvi svjetski rat\t\t\t\t\t<\/h2>\n\t\t\t\t\n\t\t\t\t\t\t\t\t\t<div class=\"elementor-cta__description elementor-cta__content-item elementor-content-item\">\n\t\t\t\t\t\t\nU Prvom svjetskom ratu palo je 35 Kijevljana, hrvatskih domobrana u austrougarskoj vojsci, kojima i danas u \u010dast na kijevskom groblju stoji spomen-kri\u017e s uklesanim imenima. \u0160estorica Kijevljana iz Prvog svjetskog rata ostalo je trajnim fizi\u010dkim invalidima. Izme\u0111u dva svjetska rata, za Kraljevine Srba, Hrvata i Slovenaca Kijevljani su mahom prihvatili ideje Stjepana Radi\u0107a i HSS-a. Stvaranjem Banovine Hrvatske, Ugovorom Cvetkovi\u0107-Ma\u010dek i u Kijevu mjesnu vlast preuzimaju predstavnici HSS-a, a izborna i strana\u010d\u008dka nadmetanja zao\u0161travaju nacionalnu i vjersku netrpeljivost izme\u0111u Hrvata i Srba na podru\u010dju Vrlike, Knina i Drni\u0161a.\n\nRadno sposobni kijevski mu\u0161karci bavili su se po tradiciji, uz sto\u010darstvo i poljoprivredu, zidarstvom, kamenorestvom, ba\u010dvarstvom. Me\u0111utim, ve\u0107 30-tih godina, jedan dio Kijevljana, zapo\u0161ljava se u tvornicama cementa u Solinu i Ka\u0161telima. Ti tvorni\u010dki radnici, u kontaktu sa splitskim, sre\u0107u se i s komunisti\u010dkim i sindikalnim idejama i organizacijama. Tako \u0107e se i nekoliko Kijevljana, radnika u solinskim majdanima, poneseni idejama socijalne pravde, na\u0107i u partizanskim redovima ve\u0107 potkraj 1941., premda \u0107e se velika ve\u0107ina Kijevljana, u zanosu i vjeri da je kona\u010dno stvorena hrvatska dr\u017eava opredijeliti za Nezavisnu Dr\u017eavu Hrvatsku.\t\t\t\t\t<\/div>\n\t\t\t\t\n\t\t\t\t\t\t\t<\/div>\n\t\t\t\t\t\t<\/div>\n\t\t\t\t<\/div>\n\t\t\t\t<\/div>\n\t\t\t\t<div class=\"elementor-element elementor-element-d3ac38c elementor-cta--layout-image-above elementor-cta--skin-classic elementor-animated-content elementor-bg-transform elementor-bg-transform-zoom-in elementor-widget elementor-widget-call-to-action\" data-id=\"d3ac38c\" data-element_type=\"widget\" data-widget_type=\"call-to-action.default\">\n\t\t\t\t<div class=\"elementor-widget-container\">\n\t\t\t\t\t<div class=\"elementor-cta\">\n\t\t\t\t\t<div class=\"elementor-cta__bg-wrapper\">\n\t\t\t\t<div class=\"elementor-cta__bg elementor-bg\" style=\"background-image: url(https:\/\/kijevo.hr\/wp-content\/uploads\/2021\/08\/download.jpg);\" role=\"img\" aria-label=\"download\"><\/div>\n\t\t\t\t<div class=\"elementor-cta__bg-overlay\"><\/div>\n\t\t\t<\/div>\n\t\t\t\t\t\t\t<div class=\"elementor-cta__content\">\n\t\t\t\t\n\t\t\t\t\t\t\t\t\t<h2 class=\"elementor-cta__title elementor-cta__content-item elementor-content-item\">\n\t\t\t\t\t\tDomovinski rat\t\t\t\t\t<\/h2>\n\t\t\t\t\n\t\t\t\t\t\t\t\t\t<div class=\"elementor-cta__description elementor-cta__content-item elementor-content-item\">\n\t\t\t\t\t\tNapokon, nakon dugih stolje\u0107a, raspadom socijalisti\u010dkog sustava, osvanula je slobodna, neovisna, demokrtatska Hrvatska, a pu\u010danstvo Kijeva dalo je svoj puni doprinos tijekom Domovinskog rata 1991.-1995. u obrani slobode i suverenosti hrvatskog naroda.\t\t\t\t\t<\/div>\n\t\t\t\t\n\t\t\t\t\t\t\t<\/div>\n\t\t\t\t\t\t<\/div>\n\t\t\t\t<\/div>\n\t\t\t\t<\/div>\n\t\t\t\t\t<\/div>\n\t\t<\/div>\n\t\t\t\t\t\t\t<\/div>\n\t\t<\/section>\n\t\t\t\t\t\t\t<\/div>\n\t\t","protected":false},"excerpt":{"rendered":"<p>Ilirska op\u0107ina Na tlu dana\u0161njeg Kijeva oko Glavice bilo je sredi\u0161te ilirske op\u0107ine koja je obuhva\u0107ala podru\u010dje s desne strane Cetine od \u0160u\u0161njara do Sivih brda i sjeverno do Uni\u0161ta. Rimska vlast, pokoriv\u0161i ilirska plemena (Lizavijati) gradila je upravna sredi\u0161ta tzv. municipije, od kojih je jedan bio i u Kijevu. Takav status potrajao je sve &hellip;<\/p>\n","protected":false},"author":1,"featured_media":0,"parent":0,"menu_order":0,"comment_status":"closed","ping_status":"closed","template":"template-fullwidth.php","meta":{"pgc_sgb_lightbox_settings":"","footnotes":""},"class_list":["post-7523","page","type-page","status-publish","hentry"],"aioseo_notices":[],"_links":{"self":[{"href":"https:\/\/kijevo.hr\/index.php?rest_route=\/wp\/v2\/pages\/7523","targetHints":{"allow":["GET"]}}],"collection":[{"href":"https:\/\/kijevo.hr\/index.php?rest_route=\/wp\/v2\/pages"}],"about":[{"href":"https:\/\/kijevo.hr\/index.php?rest_route=\/wp\/v2\/types\/page"}],"author":[{"embeddable":true,"href":"https:\/\/kijevo.hr\/index.php?rest_route=\/wp\/v2\/users\/1"}],"replies":[{"embeddable":true,"href":"https:\/\/kijevo.hr\/index.php?rest_route=%2Fwp%2Fv2%2Fcomments&post=7523"}],"version-history":[{"count":22,"href":"https:\/\/kijevo.hr\/index.php?rest_route=\/wp\/v2\/pages\/7523\/revisions"}],"predecessor-version":[{"id":7546,"href":"https:\/\/kijevo.hr\/index.php?rest_route=\/wp\/v2\/pages\/7523\/revisions\/7546"}],"wp:attachment":[{"href":"https:\/\/kijevo.hr\/index.php?rest_route=%2Fwp%2Fv2%2Fmedia&parent=7523"}],"curies":[{"name":"wp","href":"https:\/\/api.w.org\/{rel}","templated":true}]}}