{"id":7586,"date":"2021-08-30T07:39:30","date_gmt":"2021-08-30T07:39:30","guid":{"rendered":"https:\/\/kijevo.hr\/?page_id=7586"},"modified":"2021-08-30T07:44:36","modified_gmt":"2021-08-30T07:44:36","slug":"domovinski-rat","status":"publish","type":"page","link":"https:\/\/kijevo.hr\/?page_id=7586","title":{"rendered":"Domovinski rat"},"content":{"rendered":"\t\t<div data-elementor-type=\"wp-page\" data-elementor-id=\"7586\" class=\"elementor elementor-7586\" data-elementor-post-type=\"page\">\n\t\t\t\t\t\t\t\t\t<section class=\"elementor-section elementor-top-section elementor-element elementor-element-bcb9bc0 elementor-section-boxed elementor-section-height-default elementor-section-height-default\" data-id=\"bcb9bc0\" data-element_type=\"section\">\n\t\t\t\t\t\t<div class=\"elementor-container elementor-column-gap-default\">\n\t\t\t\t\t<div class=\"elementor-column elementor-col-100 elementor-top-column elementor-element elementor-element-2a00e8a\" data-id=\"2a00e8a\" data-element_type=\"column\">\n\t\t\t<div class=\"elementor-widget-wrap elementor-element-populated\">\n\t\t\t\t\t\t\t\t<div class=\"elementor-element elementor-element-3d5a58b elementor-cta--layout-image-left elementor-cta--skin-classic elementor-animated-content elementor-bg-transform elementor-bg-transform-zoom-in elementor-widget elementor-widget-call-to-action\" data-id=\"3d5a58b\" data-element_type=\"widget\" data-widget_type=\"call-to-action.default\">\n\t\t\t\t<div class=\"elementor-widget-container\">\n\t\t\t\t\t<div class=\"elementor-cta\">\n\t\t\t\t\t<div class=\"elementor-cta__bg-wrapper\">\n\t\t\t\t<div class=\"elementor-cta__bg elementor-bg\" style=\"background-image: url(https:\/\/kijevo.hr\/wp-content\/uploads\/2021\/08\/ponuda-1024x792.jpg);\" role=\"img\" aria-label=\"ponuda\"><\/div>\n\t\t\t\t<div class=\"elementor-cta__bg-overlay\"><\/div>\n\t\t\t<\/div>\n\t\t\t\t\t\t\t<div class=\"elementor-cta__content\">\n\t\t\t\t\n\t\t\t\t\t\t\t\t\t<h2 class=\"elementor-cta__title elementor-cta__content-item elementor-content-item\">\n\t\t\t\t\t\tVjetar demokratskih promjena\t\t\t\t\t<\/h2>\n\t\t\t\t\n\t\t\t\t\t\t\t\t\t<div class=\"elementor-cta__description elementor-cta__content-item elementor-content-item\">\n\t\t\t\t\t\tKao i cijelu Hrvatsku po\u010detkom 1990. i Kijevo je zahvatio vjetar demokratskih promjena. 30. svibnja 1990. odr\u017eani su prvi slobodni demokratski izbori na kojima je plebiscitom pobijedila Hrvatska demokratska zajednica (HDZ). Po\u010detkom kolovoza iste godine 50 Kijevljana odlazi na obuku u Zagreb u postrojbu Prvi hrvatski redarstvenik, te \u0107e ujedno sa\u010dinjavati prve oru\u017eane postrojbe Hrvatske. Kijevo kao jedino hrvatsko selo na podru\u010dju op\u0107ine Knin biti \u0107e 17. kolovoza 1990. okru\u017eeno barikadama koje su postavljane s jedne strane u Civljanima prema Vrlici i s druge strane na Pola\u010di prema Kninu. Takav razvoj doga\u0111aja uvjetovao je da se odmah formira sto\u017eer za obranu Kijeva s prvim zadatkom sakupljanja lova\u010dkog i trofejnog naoru\u017eanja te organiziranja obrane svojih domova. Tzv. JNA, koja se tada ulogorila u blizini Kijeva, bila je pod zapovjedni\u0161tvom srpskih rezervnih oficira \u0161to je bio dokaz na \u010dijoj strani se tzv. JNA nalazi. Pored toga Srbi civili iz drugih susjednih sela bili su naoru\u017eavani automatskim oru\u017ejem. Na\u0161i ljudi su preko no\u0107i bili prisiljeni postati vojnici te su se dizali sa svojih radnih mjesta i javljali na prve crte obrane od neprijatelja. Od vodstva hrvatske dr\u017eave dobiveni su naputci kako se ne smijemo dati isprovocirati te da prvi nipo\u0161to ne zapo\u010dinjemo sukob. Paralelno se pristupilo naoru\u017eavanju automatskim naoru\u017eanjem i ostalom ratnom opremom preko Kozjaka iz pravca Maovica, prenose\u0107i teret na magaradi te vlastitim le\u0111ima.\t\t\t\t\t<\/div>\n\t\t\t\t\n\t\t\t\t\t\t\t<\/div>\n\t\t\t\t\t\t<\/div>\n\t\t\t\t<\/div>\n\t\t\t\t<\/div>\n\t\t\t\t\t<\/div>\n\t\t<\/div>\n\t\t\t\t\t\t\t<\/div>\n\t\t<\/section>\n\t\t\t\t<section class=\"elementor-section elementor-top-section elementor-element elementor-element-837096b elementor-section-boxed elementor-section-height-default elementor-section-height-default\" data-id=\"837096b\" data-element_type=\"section\">\n\t\t\t\t\t\t<div class=\"elementor-container elementor-column-gap-default\">\n\t\t\t\t\t<div class=\"elementor-column elementor-col-50 elementor-top-column elementor-element elementor-element-e41d792\" data-id=\"e41d792\" data-element_type=\"column\">\n\t\t\t<div class=\"elementor-widget-wrap elementor-element-populated\">\n\t\t\t\t\t\t\t\t<div class=\"elementor-element elementor-element-b70db7a elementor-cta--layout-image-above elementor-cta--skin-classic elementor-animated-content elementor-bg-transform elementor-bg-transform-zoom-in elementor-widget elementor-widget-call-to-action\" data-id=\"b70db7a\" data-element_type=\"widget\" data-widget_type=\"call-to-action.default\">\n\t\t\t\t<div class=\"elementor-widget-container\">\n\t\t\t\t\t<div class=\"elementor-cta\">\n\t\t\t\t\t<div class=\"elementor-cta__bg-wrapper\">\n\t\t\t\t<div class=\"elementor-cta__bg elementor-bg\" style=\"background-image: url(https:\/\/kijevo.hr\/wp-content\/uploads\/2021\/08\/lov-1024x683.jpg);\" role=\"img\" aria-label=\"lov\"><\/div>\n\t\t\t\t<div class=\"elementor-cta__bg-overlay\"><\/div>\n\t\t\t<\/div>\n\t\t\t\t\t\t\t<div class=\"elementor-cta__content\">\n\t\t\t\t\n\t\t\t\t\t\t\t\t\t<h2 class=\"elementor-cta__title elementor-cta__content-item elementor-content-item\">\n\t\t\t\t\t\tStatus Quo\t\t\t\t\t<\/h2>\n\t\t\t\t\n\t\t\t\t\t\t\t\t\t<div class=\"elementor-cta__description elementor-cta__content-item elementor-content-item\">\n\t\t\t\t\t\tTakav status quo: no\u0107u na stra\u017ei, danju u polju i kod stoke potrajat \u0107e sve do 18. o\u017eujka 1991. kada su se provokacije poja\u010dale. Ponukani tim sve ve\u0107im provokacijama, Zavi\u010dajni klub \u2013 Kijevo iz Zagreba u suradnji s Hrvatskim \u017ertvoslovnim dru\u0161tvom odr\u017eat \u0107e prosvjedni skup u Starogradskoj vije\u0107nici u Zagrebu kada je napisana, vjerojatno prva, Deklaracija koju je Hrvatsko \u017ertvoslovno dru\u0161tvo prezentiralo me\u0111unarodnoj zajednici. Ne dugo nakon toga uslijedit \u0107e krvavi Uskrs na Plitvicama i Kijevo \u0107e ostati u potpunoj blokadi, bez struje, bez telefona, sa sprije\u010denim svakim prilazom do Kijeva. Kao odmazda zbog zarobljavanja srpskih policajaca na Plitvicama, na Civljanima su zarobljena dvojica hrvatskih redarstvenika iz Kijeva. Krizni sto\u017eer Kijeva, uz jednodu\u0161an stav da je dosta poni\u017eavanja, donio je odluku da se zarobe taoci, trojica koji su ina\u010de vi\u0111eni na barikadama, iz susjednog mjesta Civljana kako bi poslu\u017eili kao razmjena za zarobljene redarstvenike. Uslijedila su tri dana pregovaranja bez znatnijih rezultata, pa su taoci pu\u0161teni. Tada je za Kijevo nastupila jo\u0161 te\u017ea blokada jer je i lije\u010dnicima iz Vrlike zabranjen dolazak u Kijevo.\n\t\t\t\t\t<\/div>\n\t\t\t\t\n\t\t\t\t\t\t\t<\/div>\n\t\t\t\t\t\t<\/div>\n\t\t\t\t<\/div>\n\t\t\t\t<\/div>\n\t\t\t\t<div class=\"elementor-element elementor-element-2f6f82f elementor-cta--layout-image-above elementor-cta--skin-classic elementor-animated-content elementor-bg-transform elementor-bg-transform-zoom-in elementor-widget elementor-widget-call-to-action\" data-id=\"2f6f82f\" data-element_type=\"widget\" data-widget_type=\"call-to-action.default\">\n\t\t\t\t<div class=\"elementor-widget-container\">\n\t\t\t\t\t<div class=\"elementor-cta\">\n\t\t\t\t\t<div class=\"elementor-cta__bg-wrapper\">\n\t\t\t\t<div class=\"elementor-cta__bg elementor-bg\" style=\"background-image: url(https:\/\/kijevo.hr\/wp-content\/uploads\/2021\/08\/trekking-1024x683.jpg);\" role=\"img\" aria-label=\"trekking\"><\/div>\n\t\t\t\t<div class=\"elementor-cta__bg-overlay\"><\/div>\n\t\t\t<\/div>\n\t\t\t\t\t\t\t<div class=\"elementor-cta__content\">\n\t\t\t\t\n\t\t\t\t\t\t\t\t\t<h2 class=\"elementor-cta__title elementor-cta__content-item elementor-content-item\">\n\t\t\t\t\t\tHerojski otpor\t\t\t\t\t<\/h2>\n\t\t\t\t\n\t\t\t\t\t\t\t\t\t<div class=\"elementor-cta__description elementor-cta__content-item elementor-content-item\">\n\t\t\t\t\t\tKijevo \u0107e ostati upam\u0107eno kao mjesto u kome su svoj put po\u010deli zloglasni ratni zlo\u010dinci general Ratko Mladi\u0107 i Mile Marti\u0107, te kao prvo mjesto u Hrvatskoj koje je napala tzv. JNA, na kojem je u napadu prvi put upotrijebljena avijacija i sredstva zabranjena me\u0111unarodnim konvencijama. Ti dani 25. i 26. kolovoza ostat \u0107e u pam\u0107enju kao dani herojskog, bespo\u0161tednog otpora. Istovremeno, toga 26. kolovoza formiran je iz Kijeva zbjeg preko Kozjaka prema Maovicama i Drni\u0161u. Iz Drni\u0161a, ljudi su preba\u010deni autobusima u hotel Palace u Ka\u0161telima, gdje su se stali nizati tu\u017eni prognani\u010dki dani. Ve\u0107i broj ljudi koji je branio selo povla\u010dio se prema Dinari, gdje \u0107e ostati 14 dana posije pada Kijeva. Nemogu\u0107e je opisati prognani\u010dku tugu i patnju za rodnim krajem, a jo\u0161 te\u017ee slu\u0161ati glasine o plja\u010dki i pale\u017eu rodnog mjesta, maltretiranju roditelja i ro\u0111aka koji su ostali nemo\u0107ni u Kijevu, i koji svakodnevno tra\u017ee za\u0161titu UNPROFOR-a koji je za njih napravio logor ogra\u0111en \u017eicom u Ercegovcima. U\u017easno je misliti o ljudima koji su zavr\u0161ili u \u010detni\u010dkim kazamatima. Naime, u borbama za Kijevo zarobljeno je 70 pripadnika obrane Kijeva. Ve\u0107i broj starijih i nemo\u0107nih osoba ostao je u Kijevu te je bio izlo\u017een brutalnom maltretiranju \u010detnika (klanje, vje\u0161anje, bacanje u bunare, va\u0111enje o\u010diju i sl.). Jedan dio prognanih vojno sposobnih ljudi uklju\u010dio se u obranu domovine u 126. brigadi Hrvatske vojske, a drugi dio uklju\u010dio se u postrojbe MUP-a RH.\t\t\t\t\t<\/div>\n\t\t\t\t\n\t\t\t\t\t\t\t<\/div>\n\t\t\t\t\t\t<\/div>\n\t\t\t\t<\/div>\n\t\t\t\t<\/div>\n\t\t\t\t<div class=\"elementor-element elementor-element-69945fe elementor-cta--layout-image-above elementor-cta--skin-classic elementor-animated-content elementor-bg-transform elementor-bg-transform-zoom-in elementor-widget elementor-widget-call-to-action\" data-id=\"69945fe\" data-element_type=\"widget\" data-widget_type=\"call-to-action.default\">\n\t\t\t\t<div class=\"elementor-widget-container\">\n\t\t\t\t\t<div class=\"elementor-cta\">\n\t\t\t\t\t<div class=\"elementor-cta__bg-wrapper\">\n\t\t\t\t<div class=\"elementor-cta__bg elementor-bg\" style=\"background-image: url(https:\/\/kijevo.hr\/wp-content\/uploads\/2021\/08\/free_cl-1024x683.jpg);\" role=\"img\" aria-label=\"free_cl\"><\/div>\n\t\t\t\t<div class=\"elementor-cta__bg-overlay\"><\/div>\n\t\t\t<\/div>\n\t\t\t\t\t\t\t<div class=\"elementor-cta__content\">\n\t\t\t\t\n\t\t\t\t\t\t\t\t\t<h2 class=\"elementor-cta__title elementor-cta__content-item elementor-content-item\">\n\t\t\t\t\t\tObrana Banovine i Vukovara\t\t\t\t\t<\/h2>\n\t\t\t\t\n\t\t\t\t\t\t\t\t\t<div class=\"elementor-cta__description elementor-cta__content-item elementor-content-item\">\n\t\t\t\t\t\tUvelike \u0107e doprinijeti u akcijama obrane Banovine, Vukovara, hercegova\u010dkog kr\u0161a i Dubrovnika te u osloba\u0111anju Maslenice i Velebita u stra\u0161nim klimatskim uvjetima, u akcijama Zima 94 i Ljeto 95, koje \u0107e prethoditi onoj najve\u0107oj vojnoredarstvenoj akciji Oluja koja \u0107e simboli\u010dno ozna\u010diti Uskrs Kijeva i svih okupiranih krajeva Hrvatske, kao i u akcijama Konji\u010dev skok, Ju\u017eni potez i Maestral te Smiraj kada je kona\u010dno slomljena ki\u010dma velikosrpskom agresoru. Nakon toga 5. kolovoza 1995. kona\u010dno su se mogla izra\u010dunati stradanja Kijeva. Ona su bila stra\u0161na: sru\u0161ena je do temelja kijevska crkva, simbol hrvatstva u ovim krajevima, sru\u0161eni su i zapaljeni, ama ba\u0161 svi domovi, \u0161kola, ambulanta, mjesni dom, a uz sve to Kijevo je na oltar domovine polo\u017eilo ljudske \u017ertve, tri branitelja: Miju Slavi\u0107a, Franu Juri\u0107a-Aramba\u0161i\u0107a i Stipu Elkaza., zatim \u017ertve \u010detni\u010dkog terora: Marka Gojevi\u0107a, Matu Slavi\u0107a, Boju Slavi\u0107, Tomu Ga\u0161par, Ivana Ercegovca, Jakovicu Ercegovac i Peru Gojevi\u0107-Zrni\u0107. To je cijena koja je pla\u0107ena za ostvarenje vjekovnog sna Kijeva i Kijevljana u stvaranju hrvatske dr\u017eave.\t\t\t\t\t<\/div>\n\t\t\t\t\n\t\t\t\t\t\t\t<\/div>\n\t\t\t\t\t\t<\/div>\n\t\t\t\t<\/div>\n\t\t\t\t<\/div>\n\t\t\t\t\t<\/div>\n\t\t<\/div>\n\t\t\t\t<div class=\"elementor-column elementor-col-50 elementor-top-column elementor-element elementor-element-c7bb2e2\" data-id=\"c7bb2e2\" data-element_type=\"column\">\n\t\t\t<div class=\"elementor-widget-wrap elementor-element-populated\">\n\t\t\t\t\t\t\t\t<div class=\"elementor-element elementor-element-a36c6fb elementor-cta--layout-image-above elementor-cta--skin-classic elementor-animated-content elementor-bg-transform elementor-bg-transform-zoom-in elementor-widget elementor-widget-call-to-action\" data-id=\"a36c6fb\" data-element_type=\"widget\" data-widget_type=\"call-to-action.default\">\n\t\t\t\t<div class=\"elementor-widget-container\">\n\t\t\t\t\t<div class=\"elementor-cta\">\n\t\t\t\t\t<div class=\"elementor-cta__bg-wrapper\">\n\t\t\t\t<div class=\"elementor-cta__bg elementor-bg\" style=\"background-image: url(https:\/\/kijevo.hr\/wp-content\/uploads\/2021\/08\/ribolov-1024x683.jpg);\" role=\"img\" aria-label=\"ribolov\"><\/div>\n\t\t\t\t<div class=\"elementor-cta__bg-overlay\"><\/div>\n\t\t\t<\/div>\n\t\t\t\t\t\t\t<div class=\"elementor-cta__content\">\n\t\t\t\t\n\t\t\t\t\t\t\t\t\t<h2 class=\"elementor-cta__title elementor-cta__content-item elementor-content-item\">\n\t\t\t\t\t\t27-28 svibnja 1991.\t\t\t\t\t<\/h2>\n\t\t\t\t\n\t\t\t\t\t\t\t\t\t<div class=\"elementor-cta__description elementor-cta__content-item elementor-content-item\">\n\t\t\t\t\t\tKlju\u010dni doga\u0111aj koji je znatno utjecao na sva kasnija zbivanja, odvio se u no\u0107i s 27. na 28. travnja 1991. kada je izme\u0111u Civljana i \u0160tikova probijen obru\u010d koji je stezao Kijevo te u Kijevo dolaze hrvatski redarstvenici i formiraju Policajsku postaju Kijevo. Tada se u blokadu Kijeva uklju\u010duje i tzv. JNA sa svojim blokadnim punktovima izme\u0111u Civljana i Vrlike te izme\u0111u Kijeva i Pola\u010de. Sva komunikacija Kijeva sa svijetom odvijala se preko brda Kozjak. Ipak, usprkos blokadi u Kijevu je odr\u017ean referendum za samostalnu i suverenu Hrvatsku na kojem je dana 100%-tna potpora hrvatskom vrhovni\u0161tvu u nastojanju da se stvori dr\u017eava Hrvatska. Tada je tzv. JNA tenkovima i transporterima zauzela cestu ispred Policijske postaje s ciljem da se iz Kijeva ukloni organizirana obrana i hrvatski redarstvenici. Istovremeno na noge se diglo i staro i mlado, \u017eene, djeca i starci; svi su stali izme\u0111u tenkova i policijske postaje, a svi radno sposobni mu\u0161karci bili su na obrambenim punktovima na stra\u017ei. Takva situacija potrajat \u0107e 30 dana. U sklopu Policijske postaje organizirana je javna kuhinja u kojoj su se hranili svi pripadnici policijske postaje i svi mje\u0161tani Kijeva. JNA i \u010detnici blokirali su dovoz lijekova i humanitarne pomo\u0107i u Kijevo te prolaz trudnicama i te\u0161kim bolesnicima, zabranjuju\u0107i odlazak iz mjesta. U takvoj atmosferi, u Kijevo \u0107e se 2.svibnja 1991. spustiti pod ki\u0161om metaka helikopter hrvatskog MUP-a s predstavnicima hrvatskog Vrhovni\u0161tva. Istog dana organizirana je prva protudiverzantska akcija u Kijevu, nakon \u010dega je primijenjena totalna blokada. Krajem kolovoza 1991. zloglasni Mile Marti\u0107 daje ultimatum hrvatskoj policiji da napusti Kijevo. Kako tom ultimatumu nije udovoljeno, Kijevo je 25. kolovoza napadnuto svim raspolo\u017eivim sredstvima. Dan kasnije, 26. kolovoza, dogodio se najcrnji dan kijevske povijesti. Protiv snaga obrane, od 160 ljudi naoru\u017eanih uglavnom kala\u0161njikovima, oni \u0107e otvoriti vatru iz te\u0161kih strojnica, minobaca\u010da, haubica, tenkova, VBR-ova, da bi oko 11:30 sati avioni Kijevo zasuli bombama, tzv. krma\u010dama, i kasetnim bombama, ina\u010de zabranjenim me\u0111unarodnim konvencijama.\t\t\t\t\t<\/div>\n\t\t\t\t\n\t\t\t\t\t\t\t<\/div>\n\t\t\t\t\t\t<\/div>\n\t\t\t\t<\/div>\n\t\t\t\t<\/div>\n\t\t\t\t<div class=\"elementor-element elementor-element-0f8fecd elementor-cta--layout-image-above elementor-cta--skin-classic elementor-animated-content elementor-bg-transform elementor-bg-transform-zoom-in elementor-widget elementor-widget-call-to-action\" data-id=\"0f8fecd\" data-element_type=\"widget\" data-widget_type=\"call-to-action.default\">\n\t\t\t\t<div class=\"elementor-widget-container\">\n\t\t\t\t\t<div class=\"elementor-cta\">\n\t\t\t\t\t<div class=\"elementor-cta__bg-wrapper\">\n\t\t\t\t<div class=\"elementor-cta__bg elementor-bg\" style=\"background-image: url(https:\/\/kijevo.hr\/wp-content\/uploads\/2021\/08\/planine-1024x683.jpg);\" role=\"img\" aria-label=\"planine\"><\/div>\n\t\t\t\t<div class=\"elementor-cta__bg-overlay\"><\/div>\n\t\t\t<\/div>\n\t\t\t\t\t\t\t<div class=\"elementor-cta__content\">\n\t\t\t\t\n\t\t\t\t\t\t\t\t\t<h2 class=\"elementor-cta__title elementor-cta__content-item elementor-content-item\">\n\t\t\t\t\t\tNajte\u017ee bitke\t\t\t\t\t<\/h2>\n\t\t\t\t\n\t\t\t\t\t\t\t\t\t<div class=\"elementor-cta__description elementor-cta__content-item elementor-content-item\">\n\t\t\t\t\t\tU ovim postrojbama Kijevljani \u0107e do\u017eivjeti najte\u017ee bitke u obrani Sinja i \u0160ibenika, kao i slavu prve ve\u0107e pobjede u Domovinskom ratu na Ju\u017enom boji\u0161tu. Nakon toga, formirana je samostalna Domobranska satnija Kijevo koja je svoju zonu odgovornosti \u010duvanja prve crte boji\u0161nice uspje\u0161no ostvarivala u nemogu\u0107im klimatskim uvjetima na Maglaju, Jelinjaku i Vrdovu. Isto tako na\u0107i \u0107e se Kijevljani na ostalim boji\u0161nicama diljem Hrvatske te \u0107e dati veliki obol kako obrani tako i osloba\u0111anju Hrvatske te hrvatskih krajeva u Bosni i Hercegovini. Dat \u0107e oni veliki doprinos formiranju specijalnih postrojbi MUP-a i svih gardijskih te pri\u010duvnih brigada Hrvatske vojske.\t\t\t\t\t<\/div>\n\t\t\t\t\n\t\t\t\t\t\t\t<\/div>\n\t\t\t\t\t\t<\/div>\n\t\t\t\t<\/div>\n\t\t\t\t<\/div>\n\t\t\t\t<div class=\"elementor-element elementor-element-0ff4674 elementor-cta--layout-image-above elementor-cta--skin-classic elementor-animated-content elementor-bg-transform elementor-bg-transform-zoom-in elementor-widget elementor-widget-call-to-action\" data-id=\"0ff4674\" data-element_type=\"widget\" data-widget_type=\"call-to-action.default\">\n\t\t\t\t<div class=\"elementor-widget-container\">\n\t\t\t\t\t<div class=\"elementor-cta\">\n\t\t\t\t\t<div class=\"elementor-cta__bg-wrapper\">\n\t\t\t\t<div class=\"elementor-cta__bg elementor-bg\" style=\"background-image: url(https:\/\/kijevo.hr\/wp-content\/uploads\/2021\/08\/znacajke-1024x792.jpg);\" role=\"img\" aria-label=\"znacajke\"><\/div>\n\t\t\t\t<div class=\"elementor-cta__bg-overlay\"><\/div>\n\t\t\t<\/div>\n\t\t\t\t\t\t\t<div class=\"elementor-cta__content\">\n\t\t\t\t\n\t\t\t\t\t\t\t\t\t<h2 class=\"elementor-cta__title elementor-cta__content-item elementor-content-item\">\n\t\t\t\t\t\tHrvatska dr\u017eava\t\t\t\t\t<\/h2>\n\t\t\t\t\n\t\t\t\t\t\t\t\t\t<div class=\"elementor-cta__description elementor-cta__content-item elementor-content-item\">\n\t\t\t\t\t\t\nNe dozvolimo da se ikada vi\u0161e dogodi rat, a hrvatska dr\u017eava neka bude nagrada za sve na\u0161e \u017ertve i patnje.\t\t\t\t\t<\/div>\n\t\t\t\t\n\t\t\t\t\t\t\t<\/div>\n\t\t\t\t\t\t<\/div>\n\t\t\t\t<\/div>\n\t\t\t\t<\/div>\n\t\t\t\t\t<\/div>\n\t\t<\/div>\n\t\t\t\t\t\t\t<\/div>\n\t\t<\/section>\n\t\t\t\t<section class=\"elementor-section elementor-top-section elementor-element elementor-element-7bcffd3 elementor-section-boxed elementor-section-height-default elementor-section-height-default\" data-id=\"7bcffd3\" data-element_type=\"section\">\n\t\t\t\t\t\t<div class=\"elementor-container elementor-column-gap-default\">\n\t\t\t\t\t<div class=\"elementor-column elementor-col-100 elementor-top-column elementor-element elementor-element-c68fcd6\" data-id=\"c68fcd6\" data-element_type=\"column\">\n\t\t\t<div class=\"elementor-widget-wrap\">\n\t\t\t\t\t\t\t\t\t<\/div>\n\t\t<\/div>\n\t\t\t\t\t\t\t<\/div>\n\t\t<\/section>\n\t\t\t\t\t\t\t<\/div>\n\t\t","protected":false},"excerpt":{"rendered":"<p>Vjetar demokratskih promjena Kao i cijelu Hrvatsku po\u010detkom 1990. i Kijevo je zahvatio vjetar demokratskih promjena. 30. svibnja 1990. odr\u017eani su prvi slobodni demokratski izbori na kojima je plebiscitom pobijedila Hrvatska demokratska zajednica (HDZ). Po\u010detkom kolovoza iste godine 50 Kijevljana odlazi na obuku u Zagreb u postrojbu Prvi hrvatski redarstvenik, te \u0107e ujedno sa\u010dinjavati prve &hellip;<\/p>\n","protected":false},"author":1,"featured_media":0,"parent":7523,"menu_order":0,"comment_status":"closed","ping_status":"closed","template":"template-fullwidth.php","meta":{"pgc_sgb_lightbox_settings":"","footnotes":""},"class_list":["post-7586","page","type-page","status-publish","hentry"],"aioseo_notices":[],"_links":{"self":[{"href":"https:\/\/kijevo.hr\/index.php?rest_route=\/wp\/v2\/pages\/7586","targetHints":{"allow":["GET"]}}],"collection":[{"href":"https:\/\/kijevo.hr\/index.php?rest_route=\/wp\/v2\/pages"}],"about":[{"href":"https:\/\/kijevo.hr\/index.php?rest_route=\/wp\/v2\/types\/page"}],"author":[{"embeddable":true,"href":"https:\/\/kijevo.hr\/index.php?rest_route=\/wp\/v2\/users\/1"}],"replies":[{"embeddable":true,"href":"https:\/\/kijevo.hr\/index.php?rest_route=%2Fwp%2Fv2%2Fcomments&post=7586"}],"version-history":[{"count":4,"href":"https:\/\/kijevo.hr\/index.php?rest_route=\/wp\/v2\/pages\/7586\/revisions"}],"predecessor-version":[{"id":7590,"href":"https:\/\/kijevo.hr\/index.php?rest_route=\/wp\/v2\/pages\/7586\/revisions\/7590"}],"up":[{"embeddable":true,"href":"https:\/\/kijevo.hr\/index.php?rest_route=\/wp\/v2\/pages\/7523"}],"wp:attachment":[{"href":"https:\/\/kijevo.hr\/index.php?rest_route=%2Fwp%2Fv2%2Fmedia&parent=7586"}],"curies":[{"name":"wp","href":"https:\/\/api.w.org\/{rel}","templated":true}]}}