{"id":7596,"date":"2021-08-30T07:50:20","date_gmt":"2021-08-30T07:50:20","guid":{"rendered":"https:\/\/kijevo.hr\/?page_id=7596"},"modified":"2021-09-22T09:58:37","modified_gmt":"2021-09-22T09:58:37","slug":"osmrtnice","status":"publish","type":"page","link":"https:\/\/kijevo.hr\/?page_id=7596","title":{"rendered":"Osmrtnice"},"content":{"rendered":"\t\t<div data-elementor-type=\"wp-page\" data-elementor-id=\"7596\" class=\"elementor elementor-7596\" data-elementor-post-type=\"page\">\n\t\t\t\t\t\t\t\t\t<section class=\"elementor-section elementor-top-section elementor-element elementor-element-4eef3e9 elementor-section-boxed elementor-section-height-default elementor-section-height-default\" data-id=\"4eef3e9\" data-element_type=\"section\">\n\t\t\t\t\t\t<div class=\"elementor-container elementor-column-gap-default\">\n\t\t\t\t\t<div class=\"elementor-column elementor-col-100 elementor-top-column elementor-element elementor-element-31f74ac\" data-id=\"31f74ac\" data-element_type=\"column\">\n\t\t\t<div class=\"elementor-widget-wrap\">\n\t\t\t\t\t\t\t\t\t<\/div>\n\t\t<\/div>\n\t\t\t\t\t\t\t<\/div>\n\t\t<\/section>\n\t\t\t\t<section class=\"elementor-section elementor-top-section elementor-element elementor-element-5b828ed elementor-section-boxed elementor-section-height-default elementor-section-height-default\" data-id=\"5b828ed\" data-element_type=\"section\">\n\t\t\t\t\t\t<div class=\"elementor-container elementor-column-gap-default\">\n\t\t\t\t\t<div class=\"elementor-column elementor-col-100 elementor-top-column elementor-element elementor-element-830397e\" data-id=\"830397e\" data-element_type=\"column\">\n\t\t\t<div class=\"elementor-widget-wrap elementor-element-populated\">\n\t\t\t\t\t\t\t\t<div class=\"elementor-element elementor-element-86af290 elementor-widget elementor-widget-wp-widget-wpteam_widget\" data-id=\"86af290\" data-element_type=\"widget\" data-widget_type=\"wp-widget-wpteam_widget.default\">\n\t\t\t\t<div class=\"elementor-widget-container\">\n\t\t\t<h5> <\/h5><style id=\"team_free_dynamic_css7686\">#sptp-7686 .sptp-list .sptp-row{margin-right:-24px;}#sptp-7686 .sptp-member.sptp-list-item{border:0px none #ddd;border-radius:0px;background-color:transparent;margin-left:0;margin-right:24px;margin-bottom:24px;}#sptp-7686 .sptp-member.sptp-list-item:hover{border-color:#444;}#sptp-7686 .sptp-member-avatar-img{border:0px none ;background-color:#FFFFFF;}#sptp-7686 .sptp-member-avatar-img:hover{}#sptp-7686 .sptp-section-title{margin-bottom:25px;}#sptp-7686 .sptp-section-title span{color:#333333;}#sptp-7686 .sptp-member-name .sptp-member-name-title{color:#333333;}#sptp-7686 .sptp-member-profession .sptp-jop-title{color:#333333;}#sptp-7686 .sptp-member-desc{color:#333333;}#sptp-7686 .swiper-wrapper.left_img_right_content{margin-left:24px;}#sptp-7686 .left_img_right_content .image{width:auto;}#sptp-7686 .border-bg-around-member:not(.sptp-content-on-image){border:0px none #ddd;border-radius:0px;background-color:transparent;}#sptp-7686 .border-bg-around-member:not(.sptp-content-on-image):hover{border-color:#444;}#sptp-7686 .sp-team-item .sptp-member{margin:12px 12px;}<\/style><div id=\"sptp-7686\" class=\"sp-team sptp-section sptp-\">\n\t\t\t<div class=\"sptp-list left_img_right_content\">\n\t\t\t\t<div class=\"sptp-page-loading-image\"><\/div>\n\t\t\t<div class=\"sptp-row\">\n\t\t\t\t\t\t\t\t\t<div class=\"sptp-col-lg-1 sptp-col-md-1 sptp-col-sm-1 sptp-col-xs-1\">\n\t\t\t\t\t\t<div class=\"sptp-member border-bg-around-member sptp-list-item\">\n\t<div class=\" image\"><div class='sptp-member-avatar' >\n\t<span class=\"sptp-member-avatar-img sptp-square none\">\n\t\t<img loading=\"lazy\" decoding=\"async\" src=\"https:\/\/kijevo.hr\/wp-content\/uploads\/2021\/08\/5ddd6cb7c6d9b27ccba89d1721896fff-1.png\" alt=\"\" width=\"90\" height=\"102\">\n\t<\/span>\n<\/div>\n<\/div><div class=\"content sptp-square\"><div class=\"sptp-member-name\">\n\t\t<h2 class='sptp-member-name-title'>Ika Slavi\u0107<\/h2>\n\t<\/div>\n<div class=\"sptp-member-profession\">\n\t\t\t<h4 class=\"sptp-jop-title\">ud. Ante 1931. - 2020<\/h4>\n\t<\/div>\n<div class=\"sptp-member-desc\">\n\t\tTu\u017enim srcem javljamo rodbini i prijateljima da je dana 24.VI.2020 preminula na\u0161a draga\r\nIka Slavi\u0107.\r\n\r\nPosljednji ispra\u0107aj drage nam pokojnice obavit \u0107e se dana 26.VI.2020. u 17 sati na mjesnom groblju Sv. Mihovila u Kijevu. O\u017ealo\u0161\u0107eni: brat Mijo (Ante) s obitelji, sestra Marija, obitelji pok. sestara Luce i Ane, obitelj pok. divera, obitelji pokojni zaova te ostala tuguju\u0107a rodbina i prijatelji. Po\u010divala u miru Bo\u017ejem. Radi trenutne situacije molimo biti opro\u0161teni od \u017ealovanja i davanja su\u0107uti.<\/div>\n<\/div><\/div><!-- .sptp-member -->\n\t\t\t\t\t<\/div>\n\t\t\t\t\t\t\t\t\t\t<div class=\"sptp-col-lg-1 sptp-col-md-1 sptp-col-sm-1 sptp-col-xs-1\">\n\t\t\t\t\t\t<div class=\"sptp-member border-bg-around-member sptp-list-item\">\n\t<div class=\" image\"><div class='sptp-member-avatar' >\n\t<span class=\"sptp-member-avatar-img sptp-square none\">\n\t\t<img loading=\"lazy\" decoding=\"async\" src=\"https:\/\/kijevo.hr\/wp-content\/uploads\/2021\/08\/a8dbfe2a73b0d1719dd7de0b4fbcb20e.png\" alt=\"\" width=\"90\" height=\"102\">\n\t<\/span>\n<\/div>\n<\/div><div class=\"content sptp-square\"><div class=\"sptp-member-name\">\n\t\t<h2 class='sptp-member-name-title'>Jerko Ercegovac<\/h2>\n\t<\/div>\n<div class=\"sptp-member-profession\">\n\t\t\t<h4 class=\"sptp-jop-title\">30.IX.1960. - 5.VII.2020.<\/h4>\n\t<\/div>\n<div class=\"sptp-member-desc\">\n\t\tZahvalni na beskrajnoj ljubavi i dobroti koju nam je pru\u017eao, u dubokoj boli javljamo rodbini, prijateljima i znancima da nas je 5.VII.2020. napustio na\u0161 voljeni i najdra\u017ei mu\u017e,otac,djed, punac i brat.\r\n\r\nZahvalni na beskrajnoj ljubavi i dobroti koju nam je pru\u017eao, u dubokoj boli javljamo rodbini, prijateljima i znancima da nas je 5.VII.2020. napustio na\u0161 voljeni i najdra\u017ei mu\u017e,otac,djed, punac i brat<\/div>\n<\/div><\/div><!-- .sptp-member -->\n\t\t\t\t\t<\/div>\n\t\t\t\t\t\t\t\t\t\t<div class=\"sptp-col-lg-1 sptp-col-md-1 sptp-col-sm-1 sptp-col-xs-1\">\n\t\t\t\t\t\t<div class=\"sptp-member border-bg-around-member sptp-list-item\">\n\t<div class=\" image\"><div class='sptp-member-avatar' >\n\t<span class=\"sptp-member-avatar-img sptp-square none\">\n\t\t<img loading=\"lazy\" decoding=\"async\" src=\"https:\/\/kijevo.hr\/wp-content\/uploads\/2021\/08\/013dea7e0a263b4c87e88510c579cd79.png\" alt=\"\" width=\"90\" height=\"102\">\n\t<\/span>\n<\/div>\n<\/div><div class=\"content sptp-square\"><div class=\"sptp-member-name\">\n\t\t<h2 class='sptp-member-name-title'>Mladen Juri\u0107 Orli\u0107<\/h2>\n\t<\/div>\n<div class=\"sptp-member-profession\">\n\t\t\t<h4 class=\"sptp-jop-title\">1959. - 2020.<\/h4>\n\t<\/div>\n<div class=\"sptp-member-desc\">\n\t\tTu\u017enim srcem javljamo rodbini, prijateljima i znancima da je dana 15.VI.2020. preminuo na\u0161 dragi sin, brat, stric, ujak\t\r\nMladen Juri\u0107 Orli\u0107. Posljednji ispra\u0107aj dragog nam pokojnika obavit \u0107e se 17.VI.2020. u 17 sati na groblju sv. Mihovila u Kijevu. O\u017ealo\u0161\u0107eni: otac Ante, majka Boja, bra\u0107a Mijo i Branko s obiteljima, obitelj pok. brata Josipa, sestre Marija i Nediljka s obiteljima te ostala mnogobrojna rodbina i prijatelji. Po\u010divao u miru Bo\u017ejem.<\/div>\n<\/div><\/div><!-- .sptp-member -->\n\t\t\t\t\t<\/div>\n\t\t\t\t\t\t\t\t\t\t<div class=\"sptp-col-lg-1 sptp-col-md-1 sptp-col-sm-1 sptp-col-xs-1\">\n\t\t\t\t\t\t<div class=\"sptp-member border-bg-around-member sptp-list-item\">\n\t<div class=\" image\"><div class='sptp-member-avatar' >\n\t<span class=\"sptp-member-avatar-img sptp-square none\">\n\t\t<img loading=\"lazy\" decoding=\"async\" src=\"https:\/\/kijevo.hr\/wp-content\/uploads\/2021\/08\/14c5d5482b7bc0088975ef1cf0d36558.png\" alt=\"\" width=\"90\" height=\"102\">\n\t<\/span>\n<\/div>\n<\/div><div class=\"content sptp-square\"><div class=\"sptp-member-name\">\n\t\t<h2 class='sptp-member-name-title'>Kata Svira\u0107<\/h2>\n\t<\/div>\n<div class=\"sptp-member-profession\">\n\t\t\t<h4 class=\"sptp-jop-title\">ro\u0111. \u0160kalic 1958. - 2020.<\/h4>\n\t<\/div>\n<div class=\"sptp-member-desc\">\n\t\tTu\u017enim srcem javljamo rodbini i prijateljima da je dana 12.VI. 2020 preminula na\u0161a voljena\t\r\nKata Svira\u0107. Posljednji ispra\u0107aj drage nam pokojnice obavit \u0107e se dana 17.VI.2020. u 16 sati na mjesnom groblju Sv. Mihovila u Kijevu. O\u017ealo\u0161\u0107eni: suprug Marko, sin Tomislav, k\u0107er Marija i zet Pile, sestre Boja, Ika, Zorka, Ana, Stana s obiteljima, brat Mile, obitelj pok. brata Zdravka, diver Ivan i zava Manda s obiteljima te ostala tuguju\u0107a rodbina i prijatelji. Po\u010divala u miru Bo\u017ejem. Radi trenutne situacije molimo biti opro\u0161teni od \u017ealovanja i davanja su\u0107uti.<\/div>\n<\/div><\/div><!-- .sptp-member -->\n\t\t\t\t\t<\/div>\n\t\t\t\t\t\t\t\t\t\t<div class=\"sptp-col-lg-1 sptp-col-md-1 sptp-col-sm-1 sptp-col-xs-1\">\n\t\t\t\t\t\t<div class=\"sptp-member border-bg-around-member sptp-list-item\">\n\t<div class=\" image\"><div class='sptp-member-avatar' >\n\t<span class=\"sptp-member-avatar-img sptp-square none\">\n\t\t<img loading=\"lazy\" decoding=\"async\" src=\"https:\/\/kijevo.hr\/wp-content\/uploads\/2021\/08\/f73a67e52cee0f289efa49f8c9c65b81.png\" alt=\"\" width=\"90\" height=\"102\">\n\t<\/span>\n<\/div>\n<\/div><div class=\"content sptp-square\"><div class=\"sptp-member-name\">\n\t\t<h2 class='sptp-member-name-title'>Ana Teskera<\/h2>\n\t<\/div>\n<div class=\"sptp-member-profession\">\n\t\t\t<h4 class=\"sptp-jop-title\">1923. - 2020.<\/h4>\n\t<\/div>\n<div class=\"sptp-member-desc\">\n\t\tTu\u017enim srcem javljamo rodbini, prijateljjima i znancima da nas je dana 29.svibnja 2020.godine u 98.godini \u017eivota napustila na\u0161a draga majka, svekrva, baka i prabaka\t\r\nAna Teskera. Pogreb drage nam pokojnice obavit \u0107e se u ponedjeljak 1.VI.2020. godine u 15 sati na mjesnom groblju Sv. Mihovila u Kijevu. Ispra\u0107aj s Lovrinca \u0107e biti u 13 sati. O\u017ealo\u0161\u0107eni: sinovi Bo\u0161ko, Marko i Branko, nevjeste Barbara, Ana i Marija, unu\u010dad, Teo, Jurica, Margarita, Martina, Ivan, Mate i Ana te praunu\u010dad i ostala rodbina Po\u010divala u miru Bo\u017ejem.<\/div>\n<\/div><\/div><!-- .sptp-member -->\n\t\t\t\t\t<\/div>\n\t\t\t\t\t\t\t\t\t\t<div class=\"sptp-col-lg-1 sptp-col-md-1 sptp-col-sm-1 sptp-col-xs-1\">\n\t\t\t\t\t\t<div class=\"sptp-member border-bg-around-member sptp-list-item\">\n\t<div class=\" image\"><div class='sptp-member-avatar' >\n\t<span class=\"sptp-member-avatar-img sptp-square none\">\n\t\t<img loading=\"lazy\" decoding=\"async\" src=\"https:\/\/kijevo.hr\/wp-content\/uploads\/2021\/08\/4b8c67ccb8a76031106b7df95ca9d27b.png\" alt=\"\" width=\"90\" height=\"102\">\n\t<\/span>\n<\/div>\n<\/div><div class=\"content sptp-square\"><div class=\"sptp-member-name\">\n\t\t<h2 class='sptp-member-name-title'>Marija Gojevi\u0107<\/h2>\n\t<\/div>\n<div class=\"sptp-member-profession\">\n\t\t\t<h4 class=\"sptp-jop-title\">1920.-2020.<\/h4>\n\t<\/div>\n<div class=\"sptp-member-desc\">\n\t\tJa sam uskrsnu\u0107e i \u017eivot, tko u mene vjeruje kad umre, \u017eivjet \u0107e!\"\r\nS vjerom u uskrsnu\u0107e i \u017eivot vje\u010dni, javljamo rodbini, prijateljima i znancima da je 19.IV.2020. u svojoj 100.godini \u017eivota blago preminula na\u0161a voljena majka, svekrva, baka i prabaka Marija Gojevi\u0107. \r\n\r\nPosljednji ispra\u0107aj obavit \u0107e se u krugu obitelji na groblju Sv.Mihovila u Kijevu.\r\nO\u017ealo\u0161\u0107eni: k\u0107er Kata, sinovi Ante, Bo\u017eo i Marko, nevjeste Zora i Bosa, unuci \u017deljko, Ante, Ivan s obiteljima, Bo\u0161ko, Marko, Mateo, Marija i Matej te ostala rodbina.\r\nPo\u010divala u miru Bo\u017ejem.\t\r\n<\/div>\n<\/div><\/div><!-- .sptp-member -->\n\t\t\t\t\t<\/div>\n\t\t\t\t\t\t\t\t\t\t<div class=\"sptp-col-lg-1 sptp-col-md-1 sptp-col-sm-1 sptp-col-xs-1\">\n\t\t\t\t\t\t<div class=\"sptp-member border-bg-around-member sptp-list-item\">\n\t<div class=\" image\"><div class='sptp-member-avatar' >\n\t<span class=\"sptp-member-avatar-img sptp-square none\">\n\t\t<img loading=\"lazy\" decoding=\"async\" src=\"https:\/\/kijevo.hr\/wp-content\/uploads\/2021\/08\/20bdcdcae72188ad065e6b7a86a38de1.png\" alt=\"\" width=\"90\" height=\"102\">\n\t<\/span>\n<\/div>\n<\/div><div class=\"content sptp-square\"><div class=\"sptp-member-name\">\n\t\t<h2 class='sptp-member-name-title'>Boja Gojevi\u0107 ro\u0111. Ga\u0161par<\/h2>\n\t<\/div>\n<div class=\"sptp-member-profession\">\n\t\t\t<h4 class=\"sptp-jop-title\">1935. -2020.<\/h4>\n\t<\/div>\n<div class=\"sptp-member-desc\">\n\t\tS tugom u srcu javljamo rodbini i prijateljima da nas je dana 16.II.2020. godine zauvijek napustila na\u0161a draga supruga, majka, svekrva, punica, baka, prabaka, sestra, teta i ujna Boja Gojevi\u0107.\r\n\r\n\r\nPosljednji ispra\u0107aj drage nam pokojnice obavit \u0107e se 18.II.2020. godine u 15 sati na groblju Sv.Mihovila u Kijevu. Za njom tuguju: suprug Ivan, sin Jure, k\u0107i Zdravka,nevjeste Borka i Josipa, zet Jale, unuka Petra, unuci Ivan, Ivan, Stipe, praunuk Roko, sestra Mara s obitelji, obitelj pok.brata Petra, obitelj pok. zaove Kate te ostala tuguju\u0107a rodbina i prijatelji.\r\nPo\u010divala u miru Bo\u017ejem.\t<\/div>\n<\/div><\/div><!-- .sptp-member -->\n\t\t\t\t\t<\/div>\n\t\t\t\t\t\t\t\t\t\t<div class=\"sptp-col-lg-1 sptp-col-md-1 sptp-col-sm-1 sptp-col-xs-1\">\n\t\t\t\t\t\t<div class=\"sptp-member border-bg-around-member sptp-list-item\">\n\t<div class=\" image\"><div class='sptp-member-avatar' >\n\t<span class=\"sptp-member-avatar-img sptp-square none\">\n\t\t<img loading=\"lazy\" decoding=\"async\" src=\"https:\/\/kijevo.hr\/wp-content\/uploads\/2021\/08\/98325db1d61293934aafc912def5a507.png\" alt=\"\" width=\"90\" height=\"102\">\n\t<\/span>\n<\/div>\n<\/div><div class=\"content sptp-square\"><div class=\"sptp-member-name\">\n\t\t<h2 class='sptp-member-name-title'>Radmila Juri\u0107 - Orli\u0107 ud. Josipa<\/h2>\n\t<\/div>\n<div class=\"sptp-member-profession\">\n\t\t\t<h4 class=\"sptp-jop-title\">1956. - 2020.<\/h4>\n\t<\/div>\n<div class=\"sptp-member-desc\">\n\t\tS tugom u srcu javljamo rodbini i prijateljima da nas je dana 1.II.2020.godine napustila na\u0161a draga\t\r\nRadmila Juri\u0107 - Orli\u0107.\r\n\r\nSahrana drage nam pokojnice obavit \u0107e se 3.II.2020.godine u 14 sati na groblju Sv.Mihovila u Kijevu.\r\nO\u017ealo\u0161\u0107eni: sin Ante, k\u0107eri Marijana i Nedijka s obiteljima, sin Jovica s obitelji te ostala tuguju\u0107a rodbina i prijatelji.\r\nPo\u010divala u miru Bo\u017ejem.<\/div>\n<\/div><\/div><!-- .sptp-member -->\n\t\t\t\t\t<\/div>\n\t\t\t\t\t\t\t\t\t\t<div class=\"sptp-col-lg-1 sptp-col-md-1 sptp-col-sm-1 sptp-col-xs-1\">\n\t\t\t\t\t\t<div class=\"sptp-member border-bg-around-member sptp-list-item\">\n\t<div class=\" image\"><div class='sptp-member-avatar' >\n\t<span class=\"sptp-member-avatar-img sptp-square none\">\n\t\t<img loading=\"lazy\" decoding=\"async\" src=\"https:\/\/kijevo.hr\/wp-content\/uploads\/2021\/08\/b08137cc1bc677f695c0af623ef39dae.png\" alt=\"\" width=\"90\" height=\"102\">\n\t<\/span>\n<\/div>\n<\/div><div class=\"content sptp-square\"><div class=\"sptp-member-name\">\n\t\t<h2 class='sptp-member-name-title'>Ivan Bari\u0107<\/h2>\n\t<\/div>\n<div class=\"sptp-member-profession\">\n\t\t\t<h4 class=\"sptp-jop-title\">1945. - 2020.<\/h4>\n\t<\/div>\n<div class=\"sptp-member-desc\">\n\t\tTu\u017enim srcem javljamo rodbini, prijateljima i znancima da je dana 25.I.2020. preminuo na\u0161 dragi suprug, otac, svekar, brat i djed\t\r\nIvan Bari\u0107.\r\n\r\nPosljednji ispra\u0107aj dragog nam pokojnika obavit \u0107e se dana 30.I.2020. u 14 sati na mjesnom groblju Sv.Mihovila u Kijevu.\r\nO\u017ealo\u0161\u0107eni: supruga Marija, sinovi Mijo i Robert, nevjesta Bettina, unuci Jakob i Rafael, sestre Ana s obitelji, Nada s obitelji te ostala tuguju\u0107a rodbina i prijatelji. \r\nPo\u010diao u miru Bo\u017ejem.\t\r\n<\/div>\n<\/div><\/div><!-- .sptp-member -->\n\t\t\t\t\t<\/div>\n\t\t\t\t\t\t\t\t\t\t<div class=\"sptp-col-lg-1 sptp-col-md-1 sptp-col-sm-1 sptp-col-xs-1\">\n\t\t\t\t\t\t<div class=\"sptp-member border-bg-around-member sptp-list-item\">\n\t<div class=\" image\"><div class='sptp-member-avatar' >\n\t<span class=\"sptp-member-avatar-img sptp-square none\">\n\t\t<img loading=\"lazy\" decoding=\"async\" src=\"https:\/\/kijevo.hr\/wp-content\/uploads\/2021\/08\/3b5ab5c3f89e41c4bbf4c29a3a2c2a54.png\" alt=\"\" width=\"90\" height=\"102\">\n\t<\/span>\n<\/div>\n<\/div><div class=\"content sptp-square\"><div class=\"sptp-member-name\">\n\t\t<h2 class='sptp-member-name-title'>Ana Anica Mato\u0161<\/h2>\n\t<\/div>\n<div class=\"sptp-member-desc\">\n\t\tS tugomu srcu javljamo rodbini i prijateljima da nas je dana 22.I.2020.godine, napustila na\u0161a draga\t\r\nAna Anica Mato\u0161.\r\n\r\nSahrana drage nam pokojnice bit \u0107e dana 26.I.2020.godine u 14 sati na groblju Sv.Mihovila u Kijevu. \r\nNajdra\u017ea na\u0161a, vole te zauvijek tvoj sin s obitelji, te ostala tuguju\u0107a rodbina i prijatelji. \u010cuvali te an\u0111eli i po\u010divaj u miru Bo\u017ejem.<\/div>\n<\/div><\/div><!-- .sptp-member -->\n\t\t\t\t\t<\/div>\n\t\t\t\t\t\t\t\t\t\t<div class=\"sptp-col-lg-1 sptp-col-md-1 sptp-col-sm-1 sptp-col-xs-1\">\n\t\t\t\t\t\t<div class=\"sptp-member border-bg-around-member sptp-list-item\">\n\t<div class=\" image\"><div class='sptp-member-avatar' >\n\t<span class=\"sptp-member-avatar-img sptp-square none\">\n\t\t<img loading=\"lazy\" decoding=\"async\" src=\"https:\/\/kijevo.hr\/wp-content\/uploads\/2021\/08\/8330f06e92cd251651b8451101d71a5c.png\" alt=\"\" width=\"90\" height=\"102\">\n\t<\/span>\n<\/div>\n<\/div><div class=\"content sptp-square\"><div class=\"sptp-member-name\">\n\t\t<h2 class='sptp-member-name-title'>Ivanica Malo\u010da<\/h2>\n\t<\/div>\n<div class=\"sptp-member-profession\">\n\t\t\t<h4 class=\"sptp-jop-title\">1933. - 2020.<\/h4>\n\t<\/div>\n<div class=\"sptp-member-desc\">\n\t\tTu\u017enim srcem javljamo rodbinbi, prijateljima i znancima da je dana 8.I.2020. u 87. godini \u017eivota preminula na\u0161a voljena majka, sestra, baka i prabaka.\r\n\r\nPosljednji ispra\u0107aj drage nam pokojnice obavit \u0107e se dana 10.I.2020. u 14 sati na groblju sv.Mihovila u Kijevu.\r\nO\u017ealo\u0161\u0107eni: sin Mijo s obitelji, k\u0107eri iMarija, Nada, i Zora s obiteljima, brat Ante s obitelji, sestre Boja i Kata s obiteljima, obitelj pok. sestre Mare te ostala tuguju\u0107a rodbina i prijatelji.\r\nPo\u010divala u miru Bo\u017ejem.<\/div>\n<\/div><\/div><!-- .sptp-member -->\n\t\t\t\t\t<\/div>\n\t\t\t\t\t\t\t\t\t\t<div class=\"sptp-col-lg-1 sptp-col-md-1 sptp-col-sm-1 sptp-col-xs-1\">\n\t\t\t\t\t\t<div class=\"sptp-member border-bg-around-member sptp-list-item\">\n\t<div class=\" image\"><div class='sptp-member-avatar' >\n\t<span class=\"sptp-member-avatar-img sptp-square none\">\n\t\t<img loading=\"lazy\" decoding=\"async\" src=\"https:\/\/kijevo.hr\/wp-content\/uploads\/2021\/08\/64f4f53eeafd90eafb535a49817cb211.png\" alt=\"\" width=\"90\" height=\"102\">\n\t<\/span>\n<\/div>\n<\/div><div class=\"content sptp-square\"><div class=\"sptp-member-name\">\n\t\t<h2 class='sptp-member-name-title'>Ante Ga\u0161par<\/h2>\n\t<\/div>\n<div class=\"sptp-member-profession\">\n\t\t\t<h4 class=\"sptp-jop-title\">5.I.957. - 30.XII.2019.<\/h4>\n\t<\/div>\n<div class=\"sptp-member-desc\">\n\t\tS vjerom u uskrsnu\u0107e i \u017eivot vje\u010dni zahvalni za svu ljubav i dobrotu koju si nam pru\u017eio, u dubokoj tugi i prevelikoj boli javljamo svim ro\u0111acima i prijateljima da nas je dana 30.XII. iznenadnom smr\u0107u napustio na\u0161 dragi mu\u017e, otac, svekar, djej, brat, ujac i zet.\r\n\r\nPosljednji ispra\u0107aj na\u0161eg voljenog obavit \u0107e se 2.I.2020. u 15 sati na mjesnom groblju sv.Mihovila u Kijevu.\r\nO\u017ealo\u0161\u0107eni: supruga Ana, sinovi Petar i Ivan, nevista Jovana, unuke Leonarda i Iva, brat Bo\u017eo, sestra Marija, ne\u0107aci Milan i Sa\u0161a, obitelji pok.ujaka Jure, Ivana i Stipe, obitelji pok.tete Kaje Valid\u017ei\u0107, svastika Borka Gojevi\u0107 s obitelji te ostala tuguju\u0107a rodbina i prijatelji. Neka ti je laka Hrvatska zemlja koju si neizmjerno volio. Po\u010divao u miru Bo\u017ejem.<\/div>\n<\/div><\/div><!-- .sptp-member -->\n\t\t\t\t\t<\/div>\n\t\t\t\t\t\t\t\t<\/div>\n\t\t<\/div>\n\t<\/div>\n\t\t<\/div>\n\t\t\t\t<\/div>\n\t\t\t\t\t<\/div>\n\t\t<\/div>\n\t\t\t\t\t\t\t<\/div>\n\t\t<\/section>\n\t\t\t\t\t\t\t<\/div>\n\t\t","protected":false},"excerpt":{"rendered":"","protected":false},"author":1,"featured_media":0,"parent":0,"menu_order":0,"comment_status":"closed","ping_status":"closed","template":"","meta":{"pgc_sgb_lightbox_settings":"","footnotes":""},"class_list":["post-7596","page","type-page","status-publish","hentry"],"aioseo_notices":[],"_links":{"self":[{"href":"https:\/\/kijevo.hr\/index.php?rest_route=\/wp\/v2\/pages\/7596","targetHints":{"allow":["GET"]}}],"collection":[{"href":"https:\/\/kijevo.hr\/index.php?rest_route=\/wp\/v2\/pages"}],"about":[{"href":"https:\/\/kijevo.hr\/index.php?rest_route=\/wp\/v2\/types\/page"}],"author":[{"embeddable":true,"href":"https:\/\/kijevo.hr\/index.php?rest_route=\/wp\/v2\/users\/1"}],"replies":[{"embeddable":true,"href":"https:\/\/kijevo.hr\/index.php?rest_route=%2Fwp%2Fv2%2Fcomments&post=7596"}],"version-history":[{"count":43,"href":"https:\/\/kijevo.hr\/index.php?rest_route=\/wp\/v2\/pages\/7596\/revisions"}],"predecessor-version":[{"id":7699,"href":"https:\/\/kijevo.hr\/index.php?rest_route=\/wp\/v2\/pages\/7596\/revisions\/7699"}],"wp:attachment":[{"href":"https:\/\/kijevo.hr\/index.php?rest_route=%2Fwp%2Fv2%2Fmedia&parent=7596"}],"curies":[{"name":"wp","href":"https:\/\/api.w.org\/{rel}","templated":true}]}}