{"id":9024,"date":"2023-03-29T08:16:48","date_gmt":"2023-03-29T08:16:48","guid":{"rendered":"https:\/\/kijevo.hr\/?page_id=9024"},"modified":"2023-03-29T08:22:47","modified_gmt":"2023-03-29T08:22:47","slug":"projekt-zazeli","status":"publish","type":"page","link":"https:\/\/kijevo.hr\/?page_id=9024","title":{"rendered":"Projekt &#8220;Za\u017eeli&#8221;"},"content":{"rendered":"<ul class=\"wp-block-latest-posts__list has-dates wp-block-latest-posts\"><li><div class=\"wp-block-latest-posts__featured-image alignleft\"><img loading=\"lazy\" decoding=\"async\" width=\"169\" height=\"300\" src=\"https:\/\/kijevo.hr\/wp-content\/uploads\/2023\/07\/IMG-20230718-WA0024-169x300.jpg\" class=\"attachment-medium size-medium wp-post-image\" alt=\"\" style=\"\" srcset=\"https:\/\/kijevo.hr\/wp-content\/uploads\/2023\/07\/IMG-20230718-WA0024-169x300.jpg 169w, https:\/\/kijevo.hr\/wp-content\/uploads\/2023\/07\/IMG-20230718-WA0024-576x1024.jpg 576w, https:\/\/kijevo.hr\/wp-content\/uploads\/2023\/07\/IMG-20230718-WA0024-768x1366.jpg 768w, https:\/\/kijevo.hr\/wp-content\/uploads\/2023\/07\/IMG-20230718-WA0024-864x1536.jpg 864w, https:\/\/kijevo.hr\/wp-content\/uploads\/2023\/07\/IMG-20230718-WA0024-7x12.jpg 7w, https:\/\/kijevo.hr\/wp-content\/uploads\/2023\/07\/IMG-20230718-WA0024.jpg 899w\" sizes=\"auto, (max-width: 169px) 100vw, 169px\" \/><\/div><a class=\"wp-block-latest-posts__post-title\" href=\"https:\/\/kijevo.hr\/?p=9166\">Odr\u017eana zavr\u0161na konferencija Za\u017eeli &#8211; Program zapo\u0161ljavanja \u017eena &#8211; faza III, projekt &#8221;ZA\u017dELI BILI CVITAK&#8221;<\/a><time datetime=\"2023-07-17T10:57:18+00:00\" class=\"wp-block-latest-posts__post-date\">17 srpnja, 2023<\/time><\/li>\n<li><div class=\"wp-block-latest-posts__featured-image alignleft\"><img loading=\"lazy\" decoding=\"async\" width=\"300\" height=\"300\" src=\"https:\/\/kijevo.hr\/wp-content\/uploads\/2023\/02\/20230417_100514-300x300.jpg\" class=\"attachment-medium size-medium wp-post-image\" alt=\"\" style=\"\" srcset=\"https:\/\/kijevo.hr\/wp-content\/uploads\/2023\/02\/20230417_100514-300x300.jpg 300w, https:\/\/kijevo.hr\/wp-content\/uploads\/2023\/02\/20230417_100514-1020x1024.jpg 1020w, https:\/\/kijevo.hr\/wp-content\/uploads\/2023\/02\/20230417_100514-150x150.jpg 150w, https:\/\/kijevo.hr\/wp-content\/uploads\/2023\/02\/20230417_100514-768x771.jpg 768w, https:\/\/kijevo.hr\/wp-content\/uploads\/2023\/02\/20230417_100514-1529x1536.jpg 1529w, https:\/\/kijevo.hr\/wp-content\/uploads\/2023\/02\/20230417_100514-2039x2048.jpg 2039w, https:\/\/kijevo.hr\/wp-content\/uploads\/2023\/02\/20230417_100514-12x12.jpg 12w\" sizes=\"auto, (max-width: 300px) 100vw, 300px\" \/><\/div><a class=\"wp-block-latest-posts__post-title\" href=\"https:\/\/kijevo.hr\/?p=9153\">5. Podjela paketa u sklopu projekta &#8220;ZA\u017dELIU BILI CVITAK&#8221;<\/a><time datetime=\"2023-07-05T10:26:38+00:00\" class=\"wp-block-latest-posts__post-date\">5 srpnja, 2023<\/time><\/li>\n<li><div class=\"wp-block-latest-posts__featured-image alignleft\"><img loading=\"lazy\" decoding=\"async\" width=\"300\" height=\"300\" src=\"https:\/\/kijevo.hr\/wp-content\/uploads\/2023\/02\/20230417_100514-300x300.jpg\" class=\"attachment-medium size-medium wp-post-image\" alt=\"\" style=\"\" srcset=\"https:\/\/kijevo.hr\/wp-content\/uploads\/2023\/02\/20230417_100514-300x300.jpg 300w, https:\/\/kijevo.hr\/wp-content\/uploads\/2023\/02\/20230417_100514-1020x1024.jpg 1020w, https:\/\/kijevo.hr\/wp-content\/uploads\/2023\/02\/20230417_100514-150x150.jpg 150w, https:\/\/kijevo.hr\/wp-content\/uploads\/2023\/02\/20230417_100514-768x771.jpg 768w, https:\/\/kijevo.hr\/wp-content\/uploads\/2023\/02\/20230417_100514-1529x1536.jpg 1529w, https:\/\/kijevo.hr\/wp-content\/uploads\/2023\/02\/20230417_100514-2039x2048.jpg 2039w, https:\/\/kijevo.hr\/wp-content\/uploads\/2023\/02\/20230417_100514-12x12.jpg 12w\" sizes=\"auto, (max-width: 300px) 100vw, 300px\" \/><\/div><a class=\"wp-block-latest-posts__post-title\" href=\"https:\/\/kijevo.hr\/?p=9104\">4. Podjela paketa u sklopu projekta &#8221;ZA\u017dELI BILI CVITAK&#8221;<\/a><time datetime=\"2023-05-25T11:08:08+00:00\" class=\"wp-block-latest-posts__post-date\">25 svibnja, 2023<\/time><\/li>\n<li><div class=\"wp-block-latest-posts__featured-image alignleft\"><img loading=\"lazy\" decoding=\"async\" width=\"300\" height=\"300\" src=\"https:\/\/kijevo.hr\/wp-content\/uploads\/2023\/02\/20230417_100514-300x300.jpg\" class=\"attachment-medium size-medium wp-post-image\" alt=\"\" style=\"\" srcset=\"https:\/\/kijevo.hr\/wp-content\/uploads\/2023\/02\/20230417_100514-300x300.jpg 300w, https:\/\/kijevo.hr\/wp-content\/uploads\/2023\/02\/20230417_100514-1020x1024.jpg 1020w, https:\/\/kijevo.hr\/wp-content\/uploads\/2023\/02\/20230417_100514-150x150.jpg 150w, https:\/\/kijevo.hr\/wp-content\/uploads\/2023\/02\/20230417_100514-768x771.jpg 768w, https:\/\/kijevo.hr\/wp-content\/uploads\/2023\/02\/20230417_100514-1529x1536.jpg 1529w, https:\/\/kijevo.hr\/wp-content\/uploads\/2023\/02\/20230417_100514-2039x2048.jpg 2039w, https:\/\/kijevo.hr\/wp-content\/uploads\/2023\/02\/20230417_100514-12x12.jpg 12w\" sizes=\"auto, (max-width: 300px) 100vw, 300px\" \/><\/div><a class=\"wp-block-latest-posts__post-title\" href=\"https:\/\/kijevo.hr\/?p=9099\">3. Podjela paketa u sklopu projekta &#8220;ZA\u017dELI BILI CVITAK&#8221;<\/a><time datetime=\"2023-05-03T06:14:39+00:00\" class=\"wp-block-latest-posts__post-date\">3 svibnja, 2023<\/time><\/li>\n<li><div class=\"wp-block-latest-posts__featured-image alignleft\"><img loading=\"lazy\" decoding=\"async\" width=\"225\" height=\"300\" src=\"https:\/\/kijevo.hr\/wp-content\/uploads\/2023\/04\/20230403_094517-225x300.jpg\" class=\"attachment-medium size-medium wp-post-image\" alt=\"\" style=\"\" srcset=\"https:\/\/kijevo.hr\/wp-content\/uploads\/2023\/04\/20230403_094517-225x300.jpg 225w, https:\/\/kijevo.hr\/wp-content\/uploads\/2023\/04\/20230403_094517-768x1024.jpg 768w, https:\/\/kijevo.hr\/wp-content\/uploads\/2023\/04\/20230403_094517-1152x1536.jpg 1152w, https:\/\/kijevo.hr\/wp-content\/uploads\/2023\/04\/20230403_094517-1536x2048.jpg 1536w, https:\/\/kijevo.hr\/wp-content\/uploads\/2023\/04\/20230403_094517-9x12.jpg 9w, https:\/\/kijevo.hr\/wp-content\/uploads\/2023\/04\/20230403_094517-scaled.jpg 1920w\" sizes=\"auto, (max-width: 225px) 100vw, 225px\" \/><\/div><a class=\"wp-block-latest-posts__post-title\" href=\"https:\/\/kijevo.hr\/?p=9057\">Odr\u017eana po\u010detna konferencija Za\u017eeli &#8211; Program zapo\u0161ljavanja \u017eena &#8211; faza III, projekt &#8220;ZA\u017dELI BILI CVITAK&#8221;<\/a><time datetime=\"2023-04-04T08:33:23+00:00\" class=\"wp-block-latest-posts__post-date\">4 travnja, 2023<\/time><\/li>\n<li><div class=\"wp-block-latest-posts__featured-image alignleft\"><img loading=\"lazy\" decoding=\"async\" width=\"300\" height=\"139\" src=\"https:\/\/kijevo.hr\/wp-content\/uploads\/2022\/12\/ZAZELI-LOGO-300x139.jpg\" class=\"attachment-medium size-medium wp-post-image\" alt=\"\" style=\"\" srcset=\"https:\/\/kijevo.hr\/wp-content\/uploads\/2022\/12\/ZAZELI-LOGO-300x139.jpg 300w, https:\/\/kijevo.hr\/wp-content\/uploads\/2022\/12\/ZAZELI-LOGO-768x355.jpg 768w, https:\/\/kijevo.hr\/wp-content\/uploads\/2022\/12\/ZAZELI-LOGO-18x8.jpg 18w, https:\/\/kijevo.hr\/wp-content\/uploads\/2022\/12\/ZAZELI-LOGO.jpg 809w\" sizes=\"auto, (max-width: 300px) 100vw, 300px\" \/><\/div><a class=\"wp-block-latest-posts__post-title\" href=\"https:\/\/kijevo.hr\/?p=9031\">Poziv na po\u010detnu konferenciju projekta &#8220;ZA\u017dELI BILI CVITAK&#8221; financiranog iz Programa za zapo\u0161ljavanje \u017eena &#8211; ZA\u017dELI &#8211; faza III<\/a><time datetime=\"2023-03-29T12:35:52+00:00\" class=\"wp-block-latest-posts__post-date\">29 o\u017eujka, 2023<\/time><\/li>\n<li><div class=\"wp-block-latest-posts__featured-image alignleft\"><img loading=\"lazy\" decoding=\"async\" width=\"300\" height=\"300\" src=\"https:\/\/kijevo.hr\/wp-content\/uploads\/2023\/02\/20230417_100514-300x300.jpg\" class=\"attachment-medium size-medium wp-post-image\" alt=\"\" style=\"\" srcset=\"https:\/\/kijevo.hr\/wp-content\/uploads\/2023\/02\/20230417_100514-300x300.jpg 300w, https:\/\/kijevo.hr\/wp-content\/uploads\/2023\/02\/20230417_100514-1020x1024.jpg 1020w, https:\/\/kijevo.hr\/wp-content\/uploads\/2023\/02\/20230417_100514-150x150.jpg 150w, https:\/\/kijevo.hr\/wp-content\/uploads\/2023\/02\/20230417_100514-768x771.jpg 768w, https:\/\/kijevo.hr\/wp-content\/uploads\/2023\/02\/20230417_100514-1529x1536.jpg 1529w, https:\/\/kijevo.hr\/wp-content\/uploads\/2023\/02\/20230417_100514-2039x2048.jpg 2039w, https:\/\/kijevo.hr\/wp-content\/uploads\/2023\/02\/20230417_100514-12x12.jpg 12w\" sizes=\"auto, (max-width: 300px) 100vw, 300px\" \/><\/div><a class=\"wp-block-latest-posts__post-title\" href=\"https:\/\/kijevo.hr\/?p=9079\">2. Podjela paketa u sklopu projekta &#8221;ZA\u017dELI BILI CVITAK&#8221;<\/a><time datetime=\"2023-03-28T08:10:46+00:00\" class=\"wp-block-latest-posts__post-date\">28 o\u017eujka, 2023<\/time><\/li>\n<li><div class=\"wp-block-latest-posts__featured-image alignleft\"><img loading=\"lazy\" decoding=\"async\" width=\"300\" height=\"139\" src=\"https:\/\/kijevo.hr\/wp-content\/uploads\/2022\/12\/ZAZELI-LOGO-300x139.jpg\" class=\"attachment-medium size-medium wp-post-image\" alt=\"\" style=\"\" srcset=\"https:\/\/kijevo.hr\/wp-content\/uploads\/2022\/12\/ZAZELI-LOGO-300x139.jpg 300w, https:\/\/kijevo.hr\/wp-content\/uploads\/2022\/12\/ZAZELI-LOGO-768x355.jpg 768w, https:\/\/kijevo.hr\/wp-content\/uploads\/2022\/12\/ZAZELI-LOGO-18x8.jpg 18w, https:\/\/kijevo.hr\/wp-content\/uploads\/2022\/12\/ZAZELI-LOGO.jpg 809w\" sizes=\"auto, (max-width: 300px) 100vw, 300px\" \/><\/div><a class=\"wp-block-latest-posts__post-title\" href=\"https:\/\/kijevo.hr\/?p=9018\">Odluka o odabiru kandidatkinja za rad na projektu &#8220;ZA\u017dELI BILI CVITAK&#8221; &#8211; 4<\/a><time datetime=\"2023-03-11T10:28:55+00:00\" class=\"wp-block-latest-posts__post-date\">11 o\u017eujka, 2023<\/time><\/li>\n<li><div class=\"wp-block-latest-posts__featured-image alignleft\"><img loading=\"lazy\" decoding=\"async\" width=\"300\" height=\"139\" src=\"https:\/\/kijevo.hr\/wp-content\/uploads\/2022\/12\/ZAZELI-LOGO-300x139.jpg\" class=\"attachment-medium size-medium wp-post-image\" alt=\"\" style=\"\" srcset=\"https:\/\/kijevo.hr\/wp-content\/uploads\/2022\/12\/ZAZELI-LOGO-300x139.jpg 300w, https:\/\/kijevo.hr\/wp-content\/uploads\/2022\/12\/ZAZELI-LOGO-768x355.jpg 768w, https:\/\/kijevo.hr\/wp-content\/uploads\/2022\/12\/ZAZELI-LOGO-18x8.jpg 18w, https:\/\/kijevo.hr\/wp-content\/uploads\/2022\/12\/ZAZELI-LOGO.jpg 809w\" sizes=\"auto, (max-width: 300px) 100vw, 300px\" \/><\/div><a class=\"wp-block-latest-posts__post-title\" href=\"https:\/\/kijevo.hr\/?p=9000\">Odluka o odabiru kandidatkinja za rad na projektu &#8220;ZA\u017dELI BILI CVITAK&#8221; &#8211; 4<\/a><time datetime=\"2023-03-10T12:31:29+00:00\" class=\"wp-block-latest-posts__post-date\">10 o\u017eujka, 2023<\/time><\/li>\n<li><div class=\"wp-block-latest-posts__featured-image alignleft\"><img loading=\"lazy\" decoding=\"async\" width=\"300\" height=\"139\" src=\"https:\/\/kijevo.hr\/wp-content\/uploads\/2022\/12\/ZAZELI-LOGO-300x139.jpg\" class=\"attachment-medium size-medium wp-post-image\" alt=\"\" style=\"\" srcset=\"https:\/\/kijevo.hr\/wp-content\/uploads\/2022\/12\/ZAZELI-LOGO-300x139.jpg 300w, https:\/\/kijevo.hr\/wp-content\/uploads\/2022\/12\/ZAZELI-LOGO-768x355.jpg 768w, https:\/\/kijevo.hr\/wp-content\/uploads\/2022\/12\/ZAZELI-LOGO-18x8.jpg 18w, https:\/\/kijevo.hr\/wp-content\/uploads\/2022\/12\/ZAZELI-LOGO.jpg 809w\" sizes=\"auto, (max-width: 300px) 100vw, 300px\" \/><\/div><a class=\"wp-block-latest-posts__post-title\" href=\"https:\/\/kijevo.hr\/?p=8997\">Poziv na prethodnu provjeru znanja i sposobnosti &#8211; 4<\/a><time datetime=\"2023-03-09T12:17:34+00:00\" class=\"wp-block-latest-posts__post-date\">9 o\u017eujka, 2023<\/time><\/li>\n<li><div class=\"wp-block-latest-posts__featured-image alignleft\"><img loading=\"lazy\" decoding=\"async\" width=\"300\" height=\"139\" src=\"https:\/\/kijevo.hr\/wp-content\/uploads\/2022\/12\/ZAZELI-LOGO-300x139.jpg\" class=\"attachment-medium size-medium wp-post-image\" alt=\"\" style=\"\" srcset=\"https:\/\/kijevo.hr\/wp-content\/uploads\/2022\/12\/ZAZELI-LOGO-300x139.jpg 300w, https:\/\/kijevo.hr\/wp-content\/uploads\/2022\/12\/ZAZELI-LOGO-768x355.jpg 768w, https:\/\/kijevo.hr\/wp-content\/uploads\/2022\/12\/ZAZELI-LOGO-18x8.jpg 18w, https:\/\/kijevo.hr\/wp-content\/uploads\/2022\/12\/ZAZELI-LOGO.jpg 809w\" sizes=\"auto, (max-width: 300px) 100vw, 300px\" \/><\/div><a class=\"wp-block-latest-posts__post-title\" href=\"https:\/\/kijevo.hr\/?p=8989\">JAVNI POZIV za prijem u radni odnos na odre\u0111eno vrijeme Projekt &#8220;ZA\u017dELI &#8211; Program zapo\u0161ljavanja \u017eena &#8211; faza III&#8221; &#8221; ZA\u017dELI BILI CVITAK&#8221; &#8211; velja\u010da II<\/a><time datetime=\"2023-02-27T12:16:00+00:00\" class=\"wp-block-latest-posts__post-date\">27 velja\u010de, 2023<\/time><\/li>\n<li><div class=\"wp-block-latest-posts__featured-image alignleft\"><img loading=\"lazy\" decoding=\"async\" width=\"300\" height=\"139\" src=\"https:\/\/kijevo.hr\/wp-content\/uploads\/2022\/12\/ZAZELI-LOGO-300x139.jpg\" class=\"attachment-medium size-medium wp-post-image\" alt=\"\" style=\"\" srcset=\"https:\/\/kijevo.hr\/wp-content\/uploads\/2022\/12\/ZAZELI-LOGO-300x139.jpg 300w, https:\/\/kijevo.hr\/wp-content\/uploads\/2022\/12\/ZAZELI-LOGO-768x355.jpg 768w, https:\/\/kijevo.hr\/wp-content\/uploads\/2022\/12\/ZAZELI-LOGO-18x8.jpg 18w, https:\/\/kijevo.hr\/wp-content\/uploads\/2022\/12\/ZAZELI-LOGO.jpg 809w\" sizes=\"auto, (max-width: 300px) 100vw, 300px\" \/><\/div><a class=\"wp-block-latest-posts__post-title\" href=\"https:\/\/kijevo.hr\/?p=8986\">Odluka o odabiru kandidatkinja za rad na projektu &#8220;ZA\u017dELI BILI CVITAK&#8221; &#8211; 3<\/a><time datetime=\"2023-02-27T10:41:50+00:00\" class=\"wp-block-latest-posts__post-date\">27 velja\u010de, 2023<\/time><\/li>\n<li><div class=\"wp-block-latest-posts__featured-image alignleft\"><img loading=\"lazy\" decoding=\"async\" width=\"300\" height=\"139\" src=\"https:\/\/kijevo.hr\/wp-content\/uploads\/2022\/12\/ZAZELI-LOGO-300x139.jpg\" class=\"attachment-medium size-medium wp-post-image\" alt=\"\" style=\"\" srcset=\"https:\/\/kijevo.hr\/wp-content\/uploads\/2022\/12\/ZAZELI-LOGO-300x139.jpg 300w, https:\/\/kijevo.hr\/wp-content\/uploads\/2022\/12\/ZAZELI-LOGO-768x355.jpg 768w, https:\/\/kijevo.hr\/wp-content\/uploads\/2022\/12\/ZAZELI-LOGO-18x8.jpg 18w, https:\/\/kijevo.hr\/wp-content\/uploads\/2022\/12\/ZAZELI-LOGO.jpg 809w\" sizes=\"auto, (max-width: 300px) 100vw, 300px\" \/><\/div><a class=\"wp-block-latest-posts__post-title\" href=\"https:\/\/kijevo.hr\/?p=8978\">Poziv na prethodnu provjeru znanja i sposobnosti &#8211; 3<\/a><time datetime=\"2023-02-24T13:08:57+00:00\" class=\"wp-block-latest-posts__post-date\">24 velja\u010de, 2023<\/time><\/li>\n<li><div class=\"wp-block-latest-posts__featured-image alignleft\"><img loading=\"lazy\" decoding=\"async\" width=\"300\" height=\"300\" src=\"https:\/\/kijevo.hr\/wp-content\/uploads\/2023\/02\/20230417_100514-300x300.jpg\" class=\"attachment-medium size-medium wp-post-image\" alt=\"\" style=\"\" srcset=\"https:\/\/kijevo.hr\/wp-content\/uploads\/2023\/02\/20230417_100514-300x300.jpg 300w, https:\/\/kijevo.hr\/wp-content\/uploads\/2023\/02\/20230417_100514-1020x1024.jpg 1020w, https:\/\/kijevo.hr\/wp-content\/uploads\/2023\/02\/20230417_100514-150x150.jpg 150w, https:\/\/kijevo.hr\/wp-content\/uploads\/2023\/02\/20230417_100514-768x771.jpg 768w, https:\/\/kijevo.hr\/wp-content\/uploads\/2023\/02\/20230417_100514-1529x1536.jpg 1529w, https:\/\/kijevo.hr\/wp-content\/uploads\/2023\/02\/20230417_100514-2039x2048.jpg 2039w, https:\/\/kijevo.hr\/wp-content\/uploads\/2023\/02\/20230417_100514-12x12.jpg 12w\" sizes=\"auto, (max-width: 300px) 100vw, 300px\" \/><\/div><a class=\"wp-block-latest-posts__post-title\" href=\"https:\/\/kijevo.hr\/?p=9073\">Podjela  paketa u sklopu projekta &#8221;ZA\u017dELI BILI CVITAK&#8221;<\/a><time datetime=\"2023-02-24T12:09:51+00:00\" class=\"wp-block-latest-posts__post-date\">24 velja\u010de, 2023<\/time><\/li>\n<li><div class=\"wp-block-latest-posts__featured-image alignleft\"><img loading=\"lazy\" decoding=\"async\" width=\"300\" height=\"139\" src=\"https:\/\/kijevo.hr\/wp-content\/uploads\/2022\/12\/ZAZELI-LOGO-300x139.jpg\" class=\"attachment-medium size-medium wp-post-image\" alt=\"\" style=\"\" srcset=\"https:\/\/kijevo.hr\/wp-content\/uploads\/2022\/12\/ZAZELI-LOGO-300x139.jpg 300w, https:\/\/kijevo.hr\/wp-content\/uploads\/2022\/12\/ZAZELI-LOGO-768x355.jpg 768w, https:\/\/kijevo.hr\/wp-content\/uploads\/2022\/12\/ZAZELI-LOGO-18x8.jpg 18w, https:\/\/kijevo.hr\/wp-content\/uploads\/2022\/12\/ZAZELI-LOGO.jpg 809w\" sizes=\"auto, (max-width: 300px) 100vw, 300px\" \/><\/div><a class=\"wp-block-latest-posts__post-title\" href=\"https:\/\/kijevo.hr\/?p=8959\">JAVNI POZIV za prijem u radni odnos na odre\u0111eno vrijeme Projekt &#8220;ZA\u017dELI &#8211; Program zapo\u0161ljavanja \u017eena &#8211; faza III&#8221; &#8220;ZA\u017dELI BILI CVITAK&#8221; &#8211; velja\u010da<\/a><time datetime=\"2023-02-14T12:07:00+00:00\" class=\"wp-block-latest-posts__post-date\">14 velja\u010de, 2023<\/time><\/li>\n<li><div class=\"wp-block-latest-posts__featured-image alignleft\"><img loading=\"lazy\" decoding=\"async\" width=\"300\" height=\"139\" src=\"https:\/\/kijevo.hr\/wp-content\/uploads\/2022\/12\/ZAZELI-LOGO-300x139.jpg\" class=\"attachment-medium size-medium wp-post-image\" alt=\"\" style=\"\" srcset=\"https:\/\/kijevo.hr\/wp-content\/uploads\/2022\/12\/ZAZELI-LOGO-300x139.jpg 300w, https:\/\/kijevo.hr\/wp-content\/uploads\/2022\/12\/ZAZELI-LOGO-768x355.jpg 768w, https:\/\/kijevo.hr\/wp-content\/uploads\/2022\/12\/ZAZELI-LOGO-18x8.jpg 18w, https:\/\/kijevo.hr\/wp-content\/uploads\/2022\/12\/ZAZELI-LOGO.jpg 809w\" sizes=\"auto, (max-width: 300px) 100vw, 300px\" \/><\/div><a class=\"wp-block-latest-posts__post-title\" href=\"https:\/\/kijevo.hr\/?p=8956\">Odluka o odabiru kandidatkinja za rad na projektu &#8220;ZA\u017dELI BILI CVITAK&#8221; &#8211; 2<\/a><time datetime=\"2023-02-10T08:00:00+00:00\" class=\"wp-block-latest-posts__post-date\">10 velja\u010de, 2023<\/time><\/li>\n<li><div class=\"wp-block-latest-posts__featured-image alignleft\"><img loading=\"lazy\" decoding=\"async\" width=\"300\" height=\"139\" src=\"https:\/\/kijevo.hr\/wp-content\/uploads\/2022\/12\/ZAZELI-LOGO-300x139.jpg\" class=\"attachment-medium size-medium wp-post-image\" alt=\"\" style=\"\" srcset=\"https:\/\/kijevo.hr\/wp-content\/uploads\/2022\/12\/ZAZELI-LOGO-300x139.jpg 300w, https:\/\/kijevo.hr\/wp-content\/uploads\/2022\/12\/ZAZELI-LOGO-768x355.jpg 768w, https:\/\/kijevo.hr\/wp-content\/uploads\/2022\/12\/ZAZELI-LOGO-18x8.jpg 18w, https:\/\/kijevo.hr\/wp-content\/uploads\/2022\/12\/ZAZELI-LOGO.jpg 809w\" sizes=\"auto, (max-width: 300px) 100vw, 300px\" \/><\/div><a class=\"wp-block-latest-posts__post-title\" href=\"https:\/\/kijevo.hr\/?p=8936\">Poziv na prethodnu provjeru znanja i sposobnosti &#8211; 2<\/a><time datetime=\"2023-02-07T07:41:27+00:00\" class=\"wp-block-latest-posts__post-date\">7 velja\u010de, 2023<\/time><\/li>\n<li><div class=\"wp-block-latest-posts__featured-image alignleft\"><img loading=\"lazy\" decoding=\"async\" width=\"300\" height=\"139\" src=\"https:\/\/kijevo.hr\/wp-content\/uploads\/2022\/12\/ZAZELI-LOGO-300x139.jpg\" class=\"attachment-medium size-medium wp-post-image\" alt=\"\" style=\"\" srcset=\"https:\/\/kijevo.hr\/wp-content\/uploads\/2022\/12\/ZAZELI-LOGO-300x139.jpg 300w, https:\/\/kijevo.hr\/wp-content\/uploads\/2022\/12\/ZAZELI-LOGO-768x355.jpg 768w, https:\/\/kijevo.hr\/wp-content\/uploads\/2022\/12\/ZAZELI-LOGO-18x8.jpg 18w, https:\/\/kijevo.hr\/wp-content\/uploads\/2022\/12\/ZAZELI-LOGO.jpg 809w\" sizes=\"auto, (max-width: 300px) 100vw, 300px\" \/><\/div><a class=\"wp-block-latest-posts__post-title\" href=\"https:\/\/kijevo.hr\/?p=8932\">Odluka o odabiru kandidatkinja za rad na projektu &#8220;ZA\u017dELI BILI CVITAK&#8221;<\/a><time datetime=\"2023-01-31T07:38:00+00:00\" class=\"wp-block-latest-posts__post-date\">31 sije\u010dnja, 2023<\/time><\/li>\n<li><div class=\"wp-block-latest-posts__featured-image alignleft\"><img loading=\"lazy\" decoding=\"async\" width=\"300\" height=\"139\" src=\"https:\/\/kijevo.hr\/wp-content\/uploads\/2022\/12\/ZAZELI-LOGO-300x139.jpg\" class=\"attachment-medium size-medium wp-post-image\" alt=\"\" style=\"\" srcset=\"https:\/\/kijevo.hr\/wp-content\/uploads\/2022\/12\/ZAZELI-LOGO-300x139.jpg 300w, https:\/\/kijevo.hr\/wp-content\/uploads\/2022\/12\/ZAZELI-LOGO-768x355.jpg 768w, https:\/\/kijevo.hr\/wp-content\/uploads\/2022\/12\/ZAZELI-LOGO-18x8.jpg 18w, https:\/\/kijevo.hr\/wp-content\/uploads\/2022\/12\/ZAZELI-LOGO.jpg 809w\" sizes=\"auto, (max-width: 300px) 100vw, 300px\" \/><\/div><a class=\"wp-block-latest-posts__post-title\" href=\"https:\/\/kijevo.hr\/?p=8918\">JAVNI POZIV za prijem u radni odnos na odre\u0111eno vrijeme Projekt \u201cZA\u017dELI \u2013 Program zapo\u0161ljavanja \u017eena \u2013 FAZA III\u201d \u201cZA\u017dELI BILI CVITAK\u201d &#8211; 2023.<\/a><time datetime=\"2023-01-27T12:18:08+00:00\" class=\"wp-block-latest-posts__post-date\">27 sije\u010dnja, 2023<\/time><\/li>\n<li><div class=\"wp-block-latest-posts__featured-image alignleft\"><img loading=\"lazy\" decoding=\"async\" width=\"300\" height=\"139\" src=\"https:\/\/kijevo.hr\/wp-content\/uploads\/2022\/12\/ZAZELI-LOGO-300x139.jpg\" class=\"attachment-medium size-medium wp-post-image\" alt=\"\" style=\"\" srcset=\"https:\/\/kijevo.hr\/wp-content\/uploads\/2022\/12\/ZAZELI-LOGO-300x139.jpg 300w, https:\/\/kijevo.hr\/wp-content\/uploads\/2022\/12\/ZAZELI-LOGO-768x355.jpg 768w, https:\/\/kijevo.hr\/wp-content\/uploads\/2022\/12\/ZAZELI-LOGO-18x8.jpg 18w, https:\/\/kijevo.hr\/wp-content\/uploads\/2022\/12\/ZAZELI-LOGO.jpg 809w\" sizes=\"auto, (max-width: 300px) 100vw, 300px\" \/><\/div><a class=\"wp-block-latest-posts__post-title\" href=\"https:\/\/kijevo.hr\/?p=8915\">Poziv na prethodnu provjeru znanja i sposobnosti<\/a><time datetime=\"2023-01-26T12:30:07+00:00\" class=\"wp-block-latest-posts__post-date\">26 sije\u010dnja, 2023<\/time><\/li>\n<li><div class=\"wp-block-latest-posts__featured-image alignleft\"><img loading=\"lazy\" decoding=\"async\" width=\"300\" height=\"139\" src=\"https:\/\/kijevo.hr\/wp-content\/uploads\/2022\/12\/ZAZELI-LOGO-300x139.jpg\" class=\"attachment-medium size-medium wp-post-image\" alt=\"\" style=\"\" srcset=\"https:\/\/kijevo.hr\/wp-content\/uploads\/2022\/12\/ZAZELI-LOGO-300x139.jpg 300w, https:\/\/kijevo.hr\/wp-content\/uploads\/2022\/12\/ZAZELI-LOGO-768x355.jpg 768w, https:\/\/kijevo.hr\/wp-content\/uploads\/2022\/12\/ZAZELI-LOGO-18x8.jpg 18w, https:\/\/kijevo.hr\/wp-content\/uploads\/2022\/12\/ZAZELI-LOGO.jpg 809w\" sizes=\"auto, (max-width: 300px) 100vw, 300px\" \/><\/div><a class=\"wp-block-latest-posts__post-title\" href=\"https:\/\/kijevo.hr\/?p=8859\">PRODULJENJE JAVNOG POZIVA za prijem u radni odnos na odre\u0111eno vrijeme Projekt &#8220;ZA\u017dELI &#8211; Program zapo\u0161ljavanja \u017eena &#8211; FAZA III&#8221; &#8220;ZA\u017dELI BILI CVITAK&#8221;<\/a><time datetime=\"2023-01-10T10:14:49+00:00\" class=\"wp-block-latest-posts__post-date\">10 sije\u010dnja, 2023<\/time><\/li>\n<li><div class=\"wp-block-latest-posts__featured-image alignleft\"><img loading=\"lazy\" decoding=\"async\" width=\"300\" height=\"139\" src=\"https:\/\/kijevo.hr\/wp-content\/uploads\/2022\/12\/ZAZELI-LOGO-300x139.jpg\" class=\"attachment-medium size-medium wp-post-image\" alt=\"\" style=\"\" srcset=\"https:\/\/kijevo.hr\/wp-content\/uploads\/2022\/12\/ZAZELI-LOGO-300x139.jpg 300w, https:\/\/kijevo.hr\/wp-content\/uploads\/2022\/12\/ZAZELI-LOGO-768x355.jpg 768w, https:\/\/kijevo.hr\/wp-content\/uploads\/2022\/12\/ZAZELI-LOGO-18x8.jpg 18w, https:\/\/kijevo.hr\/wp-content\/uploads\/2022\/12\/ZAZELI-LOGO.jpg 809w\" sizes=\"auto, (max-width: 300px) 100vw, 300px\" \/><\/div><a class=\"wp-block-latest-posts__post-title\" href=\"https:\/\/kijevo.hr\/?p=8943\">JAVNI POZIV za prijem u radni odnos na odre\u0111eno vrijeme Projekt &#8220;ZA\u017dELI &#8211; Program zapo\u0161ljavanja \u017eena &#8211; FAZA III&#8221; &#8220;ZA\u017dELI BILI CVITAK&#8221; (2)<\/a><time datetime=\"2022-12-28T07:37:22+00:00\" class=\"wp-block-latest-posts__post-date\">28 prosinca, 2022<\/time><\/li>\n<li><div class=\"wp-block-latest-posts__featured-image alignleft\"><img loading=\"lazy\" decoding=\"async\" width=\"300\" height=\"139\" src=\"https:\/\/kijevo.hr\/wp-content\/uploads\/2022\/12\/ZAZELI-LOGO-300x139.jpg\" class=\"attachment-medium size-medium wp-post-image\" alt=\"\" style=\"\" srcset=\"https:\/\/kijevo.hr\/wp-content\/uploads\/2022\/12\/ZAZELI-LOGO-300x139.jpg 300w, https:\/\/kijevo.hr\/wp-content\/uploads\/2022\/12\/ZAZELI-LOGO-768x355.jpg 768w, https:\/\/kijevo.hr\/wp-content\/uploads\/2022\/12\/ZAZELI-LOGO-18x8.jpg 18w, https:\/\/kijevo.hr\/wp-content\/uploads\/2022\/12\/ZAZELI-LOGO.jpg 809w\" sizes=\"auto, (max-width: 300px) 100vw, 300px\" \/><\/div><a class=\"wp-block-latest-posts__post-title\" href=\"https:\/\/kijevo.hr\/?p=8808\">JAVNI POZIV za prijem u radni odnos na odre\u0111eno vrijeme Projekt &#8220;ZA\u017dELI &#8211; Program zapo\u0161ljavanja \u017eena &#8211; FAZA III&#8221; &#8220;ZA\u017dELI BILI CVITAK&#8221;<\/a><time datetime=\"2022-12-14T08:08:16+00:00\" class=\"wp-block-latest-posts__post-date\">14 prosinca, 2022<\/time><\/li>\n<li><div class=\"wp-block-latest-posts__featured-image alignleft\"><img loading=\"lazy\" decoding=\"async\" width=\"300\" height=\"200\" src=\"https:\/\/kijevo.hr\/wp-content\/uploads\/2023\/04\/IMG-20221208-WA0005-300x200.jpg\" class=\"attachment-medium size-medium wp-post-image\" alt=\"\" style=\"\" srcset=\"https:\/\/kijevo.hr\/wp-content\/uploads\/2023\/04\/IMG-20221208-WA0005-300x200.jpg 300w, https:\/\/kijevo.hr\/wp-content\/uploads\/2023\/04\/IMG-20221208-WA0005-1024x683.jpg 1024w, https:\/\/kijevo.hr\/wp-content\/uploads\/2023\/04\/IMG-20221208-WA0005-768x512.jpg 768w, https:\/\/kijevo.hr\/wp-content\/uploads\/2023\/04\/IMG-20221208-WA0005-1536x1025.jpg 1536w, https:\/\/kijevo.hr\/wp-content\/uploads\/2023\/04\/IMG-20221208-WA0005-18x12.jpg 18w, https:\/\/kijevo.hr\/wp-content\/uploads\/2023\/04\/IMG-20221208-WA0005.jpg 2000w\" sizes=\"auto, (max-width: 300px) 100vw, 300px\" \/><\/div><a class=\"wp-block-latest-posts__post-title\" href=\"https:\/\/kijevo.hr\/?p=9065\">Potpisan Ugovor o dodjeli bespovratnih sredstava u okviru ZA\u017dELI &#8211; Program zapo\u0161ljavanja \u017eena &#8211; faza III &#8211; &#8221;ZA\u017dELI BILI CVITAK&#8221;<\/a><time datetime=\"2022-12-10T10:44:38+00:00\" class=\"wp-block-latest-posts__post-date\">10 prosinca, 2022<\/time><\/li>\n<\/ul>","protected":false},"excerpt":{"rendered":"","protected":false},"author":1,"featured_media":0,"parent":0,"menu_order":0,"comment_status":"closed","ping_status":"closed","template":"","meta":{"pgc_sgb_lightbox_settings":"","footnotes":""},"class_list":["post-9024","page","type-page","status-publish","hentry"],"aioseo_notices":[],"_links":{"self":[{"href":"https:\/\/kijevo.hr\/index.php?rest_route=\/wp\/v2\/pages\/9024","targetHints":{"allow":["GET"]}}],"collection":[{"href":"https:\/\/kijevo.hr\/index.php?rest_route=\/wp\/v2\/pages"}],"about":[{"href":"https:\/\/kijevo.hr\/index.php?rest_route=\/wp\/v2\/types\/page"}],"author":[{"embeddable":true,"href":"https:\/\/kijevo.hr\/index.php?rest_route=\/wp\/v2\/users\/1"}],"replies":[{"embeddable":true,"href":"https:\/\/kijevo.hr\/index.php?rest_route=%2Fwp%2Fv2%2Fcomments&post=9024"}],"version-history":[{"count":2,"href":"https:\/\/kijevo.hr\/index.php?rest_route=\/wp\/v2\/pages\/9024\/revisions"}],"predecessor-version":[{"id":9027,"href":"https:\/\/kijevo.hr\/index.php?rest_route=\/wp\/v2\/pages\/9024\/revisions\/9027"}],"wp:attachment":[{"href":"https:\/\/kijevo.hr\/index.php?rest_route=%2Fwp%2Fv2%2Fmedia&parent=9024"}],"curies":[{"name":"wp","href":"https:\/\/api.w.org\/{rel}","templated":true}]}}